{"id":1352,"date":"2021-12-30T16:28:44","date_gmt":"2021-12-30T16:28:44","guid":{"rendered":"https:\/\/art.sommerwolke.com\/?page_id=1352"},"modified":"2026-08-16T13:47:18","modified_gmt":"2026-08-16T13:47:18","slug":"portfolio","status":"publish","type":"page","link":"https:\/\/sommerlich.art\/en\/portfolio\/","title":{"rendered":"portfolio"},"content":{"rendered":"\n<h2 class=\"wp-block-heading\"><code><code><div class=\"pgc-sgb-cb wp-block-pgcsimplygalleryblock-masonry \" data-gallery-id=\"e0f96456\"><div class=\"sgb-preloader\" id=\"pr_e0f96456\">\n\t<div class=\"sgb-square\" style=\"background:#d4d4d4\"><\/div>\n\t<div class=\"sgb-square\" style=\"background:#d4d4d4\"><\/div>\n\t<div class=\"sgb-square\" style=\"background:#d4d4d4\"><\/div>\n\t<div class=\"sgb-square\" style=\"background:#d4d4d4\"><\/div><\/div><div class=\"simply-gallery-amp pgc_sgb_slider \"><noscript><div class=\"sgb-gallery\"><div class=\"sgb-item\"><a href=\"https:\/\/sommerlich.art\/sommerlich-kunst-chiemsee\/king-ludwig-the-last_andreas-sommer_web-2\/\" target=\"_blank\"><img decoding=\"async\" alt=\"Ein dramatisches \u00d6lgem\u00e4lde, das K\u00f6nig Ludwig auf einem gewaltigen, grau-goldenen Fantasyl\u00f6wen zeigt. Die Szene spielt vor einer chaotischen Kulisse aus wirbelnden dunklen Gewitterwolken, herumtreibenden Tr\u00fcmmern und goldenen Lichtstreifen, die ein Gef\u00fchl epischer Fantasie vermitteln.\" width=\"200\" height=\"300\" loading=\"lazy\" src=\"https:\/\/sommerlich.art\/wp-content\/uploads\/King-Ludwig-The-Last_Andreas-Sommer_web-1-200x300.jpg\" srcset=\"https:\/\/sommerlich.art\/wp-content\/uploads\/King-Ludwig-The-Last_Andreas-Sommer_web-1-200x300.jpg 200w,https:\/\/sommerlich.art\/wp-content\/uploads\/King-Ludwig-The-Last_Andreas-Sommer_web-1-684x1024.jpg 684w,https:\/\/sommerlich.art\/wp-content\/uploads\/King-Ludwig-The-Last_Andreas-Sommer_web-1.jpg 1086w\" sizes=\"auto, 250px\"\/><\/a><div class=\"sgb-item-caption\"><em>\"King Ludwig - The Last\" - \u00d6l auf Leinwand 134 x 200 cm<\/em><\/div><\/div><div class=\"sgb-item\"><a href=\"https:\/\/sommerlich.art\/tannin\/260305-01_v3_web\/\" target=\"_blank\"><img decoding=\"async\" alt=\"Ein dramatisches \u00d6lgem\u00e4lde, das K\u00f6nig Ludwig auf einem gewaltigen, grau-goldenen Fantasyl\u00f6wen zeigt. Die Szene spielt vor einer chaotischen Kulisse aus wirbelnden dunklen Gewitterwolken, herumtreibenden Tr\u00fcmmern und goldenen Lichtstreifen, die ein Gef\u00fchl epischer Fantasie vermitteln.\" width=\"187\" height=\"300\" loading=\"lazy\" src=\"https:\/\/sommerlich.art\/wp-content\/uploads\/260305-01_v3_web-187x300.jpg\" srcset=\"https:\/\/sommerlich.art\/wp-content\/uploads\/260305-01_v3_web-187x300.jpg 187w,https:\/\/sommerlich.art\/wp-content\/uploads\/260305-01_v3_web-640x1024.jpg 640w,https:\/\/sommerlich.art\/wp-content\/uploads\/260305-01_v3_web.jpg 1437w\" sizes=\"auto, 250px\"\/><\/a><div class=\"sgb-item-caption\"><em>\"Tannin\" - Bleistift\/Pastell auf Papier 10x15cm<\/em><\/div><\/div><div class=\"sgb-item\"><a href=\"https:\/\/sommerlich.art\/pegasus-konzept-1\/260202-01_v3_web\/\" target=\"_blank\"><img decoding=\"async\" alt=\"Bleistiftskizze eines fantastischen Pferdes im Profil, nach links gewandt, in monochromen T\u00f6nen auf strukturiertem Papier dargestellt. Das Pferd hat eine lange, komplexe, flie\u00dfende M\u00e4hne, die aus mehreren welligen, bandartigen Str\u00e4hnen besteht, die dynamisch \u00fcber seinen Hals und K\u00f6rper fallen und mit mehreren tropfenf\u00f6rmigen dekorativen Anh\u00e4ngern verziert sind.\" width=\"300\" height=\"183\" loading=\"lazy\" src=\"https:\/\/sommerlich.art\/wp-content\/uploads\/260202-01_v3_web-300x183.jpg\" srcset=\"https:\/\/sommerlich.art\/wp-content\/uploads\/260202-01_v3_web-300x183.jpg 300w,https:\/\/sommerlich.art\/wp-content\/uploads\/260202-01_v3_web-1024x625.jpg 1024w,https:\/\/sommerlich.art\/wp-content\/uploads\/260202-01_v3_web.jpg 1400w\" sizes=\"auto, 250px\"\/><\/a><div class=\"sgb-item-caption\"><em>\"Pegasus1\" - Bleistift\/Pastell auf Papier 10x5cm<\/em><\/div><\/div><div class=\"sgb-item\"><a href=\"https:\/\/sommerlich.art\/251022-004_v2-jpg_web_v3\/\" target=\"_blank\"><img decoding=\"async\" alt=\"Eine detaillierte Bleistift- und Pastellzeichnung eines Drachen. Der Drache wirkt skelettartig, mit sichtbarer Knochenstruktur, die seine Fl\u00fcgel bildet, und einem langen, mit Stacheln bedeckten Schwanz. Er hat markante schwarze Stacheln, die aus seinem Kopf herausragen.\" width=\"300\" height=\"300\" loading=\"lazy\" src=\"https:\/\/sommerlich.art\/wp-content\/uploads\/251022-004_v2.jpg_web_v3-300x300.jpg\" srcset=\"https:\/\/sommerlich.art\/wp-content\/uploads\/251022-004_v2.jpg_web_v3-300x300.jpg 300w,https:\/\/sommerlich.art\/wp-content\/uploads\/251022-004_v2.jpg_web_v3-1024x1024.jpg 1024w,https:\/\/sommerlich.art\/wp-content\/uploads\/251022-004_v2.jpg_web_v3.jpg 1400w\" sizes=\"auto, 250px\"\/><\/a><div class=\"sgb-item-caption\"><em>\"N\u00e9ght-gyst\" - Bleistift\/Pastell auf Papier 20x20cm<\/em><\/div><\/div><div class=\"sgb-item\"><a href=\"https:\/\/sommerlich.art\/sketchbook230720-1_andreas-sommer_web\/\" target=\"_blank\"><img decoding=\"async\" alt=\"Bleistiftzeichnung einer eines Fantasy-Characters, die halb Mensch, halb Baum ist und eine kleine Fee in ihrer Hand h\u00e4lt, mit einem w\u00fctenden und erstaunten Gesichtsausdruck.\" width=\"298\" height=\"300\" loading=\"lazy\" src=\"https:\/\/sommerlich.art\/wp-content\/uploads\/sketchbook230720-1_Andreas-Sommer_web-298x300.jpg\" srcset=\"https:\/\/sommerlich.art\/wp-content\/uploads\/sketchbook230720-1_Andreas-Sommer_web-298x300.jpg 298w,https:\/\/sommerlich.art\/wp-content\/uploads\/sketchbook230720-1_Andreas-Sommer_web-1016x1024.jpg 1016w,https:\/\/sommerlich.art\/wp-content\/uploads\/sketchbook230720-1_Andreas-Sommer_web.jpg 1614w\" sizes=\"auto, 250px\"\/><\/a><div class=\"sgb-item-caption\"><em>\"Schattenwurzel\" - Bleistift\/Pastell auf Papier 20x20cm<\/em><\/div><\/div><div class=\"sgb-item\"><a href=\"https:\/\/sommerlich.art\/himmelfahrt\/ascension_andreas-sommer_hd_web\/\" target=\"_blank\"><img decoding=\"async\" alt=\"Ein dramatisches \u00d6lgem\u00e4lde stellt ein wei\u00dfes Lamm in der Mitte eines dunklen, wirbelnden Hintergrunds aus felsen dar. Goldene Lichtstrahlen scheinen vom Lamm auszugehen und durchbrechen die Dunkelheit, was Hoffnung, Erl\u00f6sung oder g\u00f6ttliche Pr\u00e4senz symbolisiert.\" width=\"300\" height=\"240\" loading=\"lazy\" src=\"https:\/\/sommerlich.art\/wp-content\/uploads\/Ascension_Andreas-Sommer_HD_web-300x240.jpg\" srcset=\"https:\/\/sommerlich.art\/wp-content\/uploads\/Ascension_Andreas-Sommer_HD_web-300x240.jpg 300w,https:\/\/sommerlich.art\/wp-content\/uploads\/Ascension_Andreas-Sommer_HD_web-1024x819.jpg 1024w,https:\/\/sommerlich.art\/wp-content\/uploads\/Ascension_Andreas-Sommer_HD_web.jpg 1627w\" sizes=\"auto, 250px\"\/><\/a><div class=\"sgb-item-caption\"><em>\"Himmelfahrt\" \u00d6l auf Leinwand 48x60 cm<\/em><\/div><\/div><div class=\"sgb-item\"><a href=\"https:\/\/sommerlich.art\/mindbreaker\/dissolve_andreas-sommer_web\/\" target=\"_blank\"><img decoding=\"async\" alt=\"Bleistift- und Pastellportrait einer jungen Frau in einer d\u00fcsteren Fantasy-Szene. Sie hat die Augen geschlossen und hat einen angestrengten, erduldenen Gesichtsausdruck. Felsbrocken l\u00f6sen sich von ihrem Kopf und schweben hinfort, w\u00e4hrend ein Riss um ihren Hals sie an eine Mischung aus Mensch und Stein erinnert. Eine Ranke mit Stacheln umgibt sie in einem grauen Hintergrund. Pencil and pastel portrait of a young woman in a dark fantasy scene. She has her eyes closed and a strained, enduring expression on her face. Boulders detach themselves from her head and float away, while a crack around her neck reminds her of a mixture of human and stone. A tendril with spikes surrounds her in a gray background.\" width=\"300\" height=\"300\" loading=\"lazy\" src=\"https:\/\/sommerlich.art\/wp-content\/uploads\/Dissolve_Andreas-Sommer_web-300x300.jpg\" srcset=\"https:\/\/sommerlich.art\/wp-content\/uploads\/Dissolve_Andreas-Sommer_web-300x300.jpg 300w,https:\/\/sommerlich.art\/wp-content\/uploads\/Dissolve_Andreas-Sommer_web-1024x1024.jpg 1024w,https:\/\/sommerlich.art\/wp-content\/uploads\/Dissolve_Andreas-Sommer_web.jpg 1394w\" sizes=\"auto, 250px\"\/><\/a><div class=\"sgb-item-caption\"><em>\"Mindbreaker\" - Bleistift\/Pastell auf Papier 15x15cm<\/em><\/div><\/div><div class=\"sgb-item\"><a href=\"https:\/\/sommerlich.art\/luftjagerin\/luftjager_andreas-sommer\/\" target=\"_blank\"><img decoding=\"async\" alt=\"Detailreiche Zeichnung einer m\u00e4chtigen Kriegerin, die auf einem riesigen Vogel reitet und einen Speer h\u00e4lt. Das Kunstwerk f\u00e4ngt St\u00e4rke und Freiheit durch dynamische Posen und lebendige Details ein. Detailed drawing of a mighty warrior riding a giant bird and holding a spear. The artwork captures strength and freedom through dynamic poses and vivid details.\" width=\"213\" height=\"300\" loading=\"lazy\" src=\"https:\/\/sommerlich.art\/wp-content\/uploads\/LuftJager_Andreas-Sommer-213x300.jpg\" srcset=\"https:\/\/sommerlich.art\/wp-content\/uploads\/LuftJager_Andreas-Sommer-213x300.jpg 213w,https:\/\/sommerlich.art\/wp-content\/uploads\/LuftJager_Andreas-Sommer-728x1024.jpg 728w,https:\/\/sommerlich.art\/wp-content\/uploads\/LuftJager_Andreas-Sommer.jpg 1156w\" sizes=\"auto, 250px\"\/><\/a><div class=\"sgb-item-caption\"><em>\"Luftj\u00e4gerin\" - Bleistift\/Pastell auf Papier 22x30cm<\/em><\/div><\/div><div class=\"sgb-item\"><a href=\"https:\/\/sommerlich.art\/collector_andreas-sommer_v1_web\/\" target=\"_blank\"><img decoding=\"async\" alt=\"\u00d6lgem\u00e4lde einer \u00e4lteren Elfendame. Sie hat einen fr\u00f6hlichen und gelassenen Gesichtsausdruck. Sie kniet an einem Baum mit ausgestrecktem arm und sammelt bernsteine in ihrem weidenkorb. Sie tr\u00e4gt braune schlichte Kleidung mit einem Blauen Kopftuch. Sie hat auf ihrem kopf einen gro\u00dfen Holzhut auf dem Pilze und Gras wachsen. An ihrem R\u00fccken sieht man lange blaue Federn die sie anstatt von Haaren zu scheinen hat. Im Hintergrund erkennt man gro\u00dfe Wolken die ein Gewitter ank\u00fcndigen und im Vordergrund ist das bild von zwei B\u00e4umen und einer dunklen Wiese eingerahmt.\" width=\"195\" height=\"300\" loading=\"lazy\" src=\"https:\/\/sommerlich.art\/wp-content\/uploads\/Collector_Andreas-Sommer_v1_web-195x300.jpg\" srcset=\"https:\/\/sommerlich.art\/wp-content\/uploads\/Collector_Andreas-Sommer_v1_web-195x300.jpg 195w,https:\/\/sommerlich.art\/wp-content\/uploads\/Collector_Andreas-Sommer_v1_web-664x1024.jpg 664w,https:\/\/sommerlich.art\/wp-content\/uploads\/Collector_Andreas-Sommer_v1_web.jpg 1055w\" sizes=\"auto, 250px\"\/><\/a><div class=\"sgb-item-caption\"><em>\"Collector\" - \u00d6l auf Leinwand 62x100cm<\/em><\/div><\/div><div class=\"sgb-item\"><a href=\"https:\/\/sommerlich.art\/blossom-of-bones\/glow_andreas-sommer_web\/\" target=\"_blank\"><img decoding=\"async\" alt=\"Das Bild zeigt eine Zeichnung einer nackten Frau auf einem verdrehten Baumast in dem Sch\u00e4del eingewachsen sind. Die Frau befindet sich in der Mitte der Komposition mit dem R\u00fccken zum Betrachter und sieht ihn \u00fcber ihre Schulter hin an. The picture shows a drawing of a naked woman on a twisted tree branch in which skulls have grown. The woman is in the center of the composition with her back to the viewer, looking at him over her shoulder.\" width=\"225\" height=\"300\" loading=\"lazy\" src=\"https:\/\/sommerlich.art\/wp-content\/uploads\/glow_Andreas-Sommer_web-225x300.jpg\" srcset=\"https:\/\/sommerlich.art\/wp-content\/uploads\/glow_Andreas-Sommer_web-225x300.jpg 225w,https:\/\/sommerlich.art\/wp-content\/uploads\/glow_Andreas-Sommer_web-769x1024.jpg 769w,https:\/\/sommerlich.art\/wp-content\/uploads\/glow_Andreas-Sommer_web.jpg 1222w\" sizes=\"auto, 250px\"\/><\/a><div class=\"sgb-item-caption\"><em>\"Guardian\" - Bleistift\/Pastell auf Papier 22x30cm<\/em><\/div><\/div><div class=\"sgb-item\"><a href=\"https:\/\/sommerlich.art\/damonenwaechter\/guardian_andreas-sommer\/\" target=\"_blank\"><img decoding=\"async\" alt=\"Beschreibung: Ein D\u00e4monenguardian mit Reptilienhaut-Lendentuch h\u00e4lt einen dornigen Stock in dynamischer Haltung, und strahlt eine intensive Energie aus. Das Werk ist mit Bleistift und Pastell auf einem grauem Hintergrund entstanden und verbreitet eine d\u00fcstere Stimmung\" width=\"300\" height=\"300\" loading=\"lazy\" src=\"https:\/\/sommerlich.art\/wp-content\/uploads\/Guardian_Andreas-Sommer-300x300.jpg\" srcset=\"https:\/\/sommerlich.art\/wp-content\/uploads\/Guardian_Andreas-Sommer-300x300.jpg 300w,https:\/\/sommerlich.art\/wp-content\/uploads\/Guardian_Andreas-Sommer-1024x1024.jpg 1024w,https:\/\/sommerlich.art\/wp-content\/uploads\/Guardian_Andreas-Sommer.jpg 1200w\" sizes=\"auto, 250px\"\/><\/a><div class=\"sgb-item-caption\"><em>\"Guardian\" - Bleistift auf Papier 15x15cm<\/em><\/div><\/div><div class=\"sgb-item\"><a href=\"https:\/\/sommerlich.art\/skull-king\/skull_king-andreas-sommer\/\" target=\"_blank\"><img decoding=\"async\" alt=\"Bleistiftportrait eines Skeletts ohne Unterkiefer. Es tr\u00e4gt einen Mantel mit Kaputze. Der Manten h\u00e4ngt an der Brust nach vorn, so dass es aussieht wie ein gro\u00dfes Maul. Das Skelett tr\u00e4gt eine Krone aus Knochen. Pencil portrait of a skeleton without a lower jaw. It is wearing a coat with a hood. The mantle is hanging down at the chest so that it looks like a large mouth. The skeleton is wearing a crown made of bone.\" width=\"229\" height=\"300\" loading=\"lazy\" src=\"https:\/\/sommerlich.art\/wp-content\/uploads\/Skull_King-Andreas-Sommer-229x300.jpg\" srcset=\"https:\/\/sommerlich.art\/wp-content\/uploads\/Skull_King-Andreas-Sommer-229x300.jpg 229w,https:\/\/sommerlich.art\/wp-content\/uploads\/Skull_King-Andreas-Sommer-783x1024.jpg 783w,https:\/\/sommerlich.art\/wp-content\/uploads\/Skull_King-Andreas-Sommer.jpg 956w\" sizes=\"auto, 250px\"\/><\/a><div class=\"sgb-item-caption\"><em>\"Skull King\" - Bleistift auf Papier 22x30cm<\/em><\/div><\/div><div class=\"sgb-item\"><a href=\"https:\/\/sommerlich.art\/druid\/240912-01_v3-jpg_web\/\" target=\"_blank\"><img decoding=\"async\" alt=\"Freihandzeichnung eines alten, schwergewichtigen Druiden mit gro\u00dfen Pilzen auf dem R\u00fccken, langem Bart und Zweigen als Geweih auf dem Kopf. Er sieht w\u00fctend aus, w\u00e4hrend er eine Art Beschw\u00f6rungstanz macht. Freehand drawing of an old, heavy-set druid with large mushrooms on his back, a long beard and branches as antlers on his head. He looks angry as he does some kind of incantation dance.\" width=\"256\" height=\"300\" loading=\"lazy\" src=\"https:\/\/sommerlich.art\/wp-content\/uploads\/240912-01_v3.jpg_web-256x300.jpg\" srcset=\"https:\/\/sommerlich.art\/wp-content\/uploads\/240912-01_v3.jpg_web-256x300.jpg 256w,https:\/\/sommerlich.art\/wp-content\/uploads\/240912-01_v3.jpg_web-875x1024.jpg 875w,https:\/\/sommerlich.art\/wp-content\/uploads\/240912-01_v3.jpg_web.jpg 1200w\" sizes=\"auto, 250px\"\/><\/a><div class=\"sgb-item-caption\"><em>\"Druid\" - Bleistift auf Papier 15x15cm<\/em><\/div><\/div><div class=\"sgb-item\"><a href=\"https:\/\/sommerlich.art\/ent-in\/240806-01_v2_web\/\" target=\"_blank\"><img decoding=\"async\" alt=\"Bleistiftzeichnung einers Fantasy-Charakters, die eine Mischung aus einer jungen Frau und einem Baum ist. Sie grinst b\u00f6se und starrt auf eine gro\u00dfe Fliege in ihrer Hand. Pencil drawing of a fantasy character which is a mixture of a young woman and a tree. She grins nastily and stares at a large fly in her hand.\" width=\"300\" height=\"218\" loading=\"lazy\" src=\"https:\/\/sommerlich.art\/wp-content\/uploads\/240806-01_v2_web-300x218.jpg\" srcset=\"https:\/\/sommerlich.art\/wp-content\/uploads\/240806-01_v2_web-300x218.jpg 300w,https:\/\/sommerlich.art\/wp-content\/uploads\/240806-01_v2_web-1024x742.jpg 1024w,https:\/\/sommerlich.art\/wp-content\/uploads\/240806-01_v2_web.jpg 1400w\" sizes=\"auto, 250px\"\/><\/a><div class=\"sgb-item-caption\"><em>\"Ent-In\" - Bleistift auf Papier 15x15cm<\/em><\/div><\/div><div class=\"sgb-item\"><a href=\"https:\/\/sommerlich.art\/weisse-rose-oel-auf-leinwand\/whiterose_andreassommer\/\" target=\"_blank\"><img decoding=\"async\" alt=\"Realistisches \u00d6lbild einer Wei\u00dfen Rose mit roten \u00e4u\u00dferen Bl\u00fctenbl\u00e4ttern auf dunkelem Hintergrund. Realistic oil painting of a white rose with red outer petals on a dark background.\" width=\"296\" height=\"300\" loading=\"lazy\" src=\"https:\/\/sommerlich.art\/wp-content\/uploads\/WhiteRose_AndreasSommer-296x300.jpg\" srcset=\"https:\/\/sommerlich.art\/wp-content\/uploads\/WhiteRose_AndreasSommer-296x300.jpg 296w,https:\/\/sommerlich.art\/wp-content\/uploads\/WhiteRose_AndreasSommer-1011x1024.jpg 1011w,https:\/\/sommerlich.art\/wp-content\/uploads\/WhiteRose_AndreasSommer.jpg 1606w\" sizes=\"auto, 250px\"\/><\/a><div class=\"sgb-item-caption\"><em>\"Wei\u00dfe Rose\" - \u00d6l auf Leinwand 20x20 cm<\/em><\/div><\/div><div class=\"sgb-item\"><a href=\"https:\/\/sommerlich.art\/pgc_simply_gallery\/skizzen\/img_0429_v4\/\" target=\"_blank\"><img decoding=\"async\" alt=\"Bleistifzeichnung eines Manns mit h\u00f6lzernem Gesicht. Er sieht gequ\u00e4lt und angestrenght nach oben. Er hat einen Busch al Bart und sein Kopf ist gespalten.\" width=\"169\" height=\"300\" loading=\"lazy\" src=\"https:\/\/sommerlich.art\/wp-content\/uploads\/IMG_0429_v4-169x300.jpg\" srcset=\"https:\/\/sommerlich.art\/wp-content\/uploads\/IMG_0429_v4-169x300.jpg 169w,https:\/\/sommerlich.art\/wp-content\/uploads\/IMG_0429_v4-576x1024.jpg 576w,https:\/\/sommerlich.art\/wp-content\/uploads\/IMG_0429_v4.jpg 1238w\" sizes=\"auto, 250px\"\/><\/a><\/div><div class=\"sgb-item\"><a href=\"https:\/\/sommerlich.art\/pgc_simply_gallery\/portfolio\/img_0380_v2\/\" target=\"_blank\"><img decoding=\"async\" alt=\"\u00d6lgem\u00e4ldes eines menschlichen Sch\u00e4dels, umrahmt von gr\u00fcnen Bl\u00e4ttern.\" width=\"200\" height=\"300\" loading=\"lazy\" src=\"https:\/\/sommerlich.art\/wp-content\/uploads\/IMG_0380_v2-200x300.jpg\" srcset=\"https:\/\/sommerlich.art\/wp-content\/uploads\/IMG_0380_v2-200x300.jpg 200w,https:\/\/sommerlich.art\/wp-content\/uploads\/IMG_0380_v2-683x1024.jpg 683w,https:\/\/sommerlich.art\/wp-content\/uploads\/IMG_0380_v2.jpg 1334w\" sizes=\"auto, 250px\"\/><\/a><div class=\"sgb-item-caption\"><em>\"Vanitas im Gr\u00fcnen\" - \u00d6l auf Leinwand 30x40cm<\/em><\/div><\/div><div class=\"sgb-item\"><a href=\"https:\/\/sommerlich.art\/pgc_simply_gallery\/skizzen\/backview\/\" target=\"_blank\"><img decoding=\"async\" alt=\"Zeichnung eines Laubbaums mit zwei gro\u00dfen \u00c4sten in einem Skizzenbuch.\" width=\"300\" height=\"201\" loading=\"lazy\" src=\"https:\/\/sommerlich.art\/wp-content\/uploads\/backview-300x201.jpg\" srcset=\"https:\/\/sommerlich.art\/wp-content\/uploads\/backview-300x201.jpg 300w,https:\/\/sommerlich.art\/wp-content\/uploads\/backview-1024x687.jpg 1024w,https:\/\/sommerlich.art\/wp-content\/uploads\/backview.jpg 1280w\" sizes=\"auto, 250px\"\/><\/a><div class=\"sgb-item-caption\"><em>\"R\u00fcckenstudie\"<\/em><\/div><\/div><div class=\"sgb-item\"><a href=\"https:\/\/sommerlich.art\/sommerlich-art-web1697300363827_02\/\" target=\"_blank\"><img decoding=\"async\" alt=\"\u00d6lbild einer frei schwebenden, wei\u00df, violetten Bl\u00fchte vor schwarzem Hintergrund.\" width=\"200\" height=\"300\" loading=\"lazy\" src=\"https:\/\/sommerlich.art\/wp-content\/uploads\/sommerlich.art-web1697300363827_02-200x300.jpg\" srcset=\"https:\/\/sommerlich.art\/wp-content\/uploads\/sommerlich.art-web1697300363827_02-200x300.jpg 200w,https:\/\/sommerlich.art\/wp-content\/uploads\/sommerlich.art-web1697300363827_02-682x1024.jpg 682w,https:\/\/sommerlich.art\/wp-content\/uploads\/sommerlich.art-web1697300363827_02.jpg 853w\" sizes=\"auto, 250px\"\/><\/a><div class=\"sgb-item-caption\"><em>\"Violett\" - \u00d6l auf Leinwand 15x20 cm<\/em><\/div><\/div><div class=\"sgb-item\"><a href=\"https:\/\/sommerlich.art\/oelgemaelde-goldbaum\/goldbaum-andreas-sommer-2\/\" target=\"_blank\"><img decoding=\"async\" alt=\"\u00d6lgem\u00e4lde eines blattlosen gewundenen Baums aus gold bei Nacht. Er steht auf einem Felsen in mitten eines Flusses.\" width=\"230\" height=\"300\" loading=\"lazy\" src=\"https:\/\/sommerlich.art\/wp-content\/uploads\/Goldbaum-Andreas-Sommer-1-230x300.jpeg\" srcset=\"https:\/\/sommerlich.art\/wp-content\/uploads\/Goldbaum-Andreas-Sommer-1-230x300.jpeg 230w,https:\/\/sommerlich.art\/wp-content\/uploads\/Goldbaum-Andreas-Sommer-1-786x1024.jpeg 786w,https:\/\/sommerlich.art\/wp-content\/uploads\/Goldbaum-Andreas-Sommer-1.jpeg 982w\" sizes=\"auto, 250px\"\/><\/a><div class=\"sgb-item-caption\"><em>\"Goldbaum\" \u00d6l auf Leinwand 30x40cm<\/em><\/div><\/div><div class=\"sgb-item\"><a href=\"https:\/\/sommerlich.art\/bayerischer-elb\/sommerlich-art-web1696343594606_01\/\" target=\"_blank\"><img decoding=\"async\" alt=\"\u00d6lportrait eines alten Mannes mit Pfeife und spitzen Ohren. Das Bild ist angelehnt an Portraits des 19ten Jahrhunderts.\" width=\"200\" height=\"300\" loading=\"lazy\" src=\"https:\/\/sommerlich.art\/wp-content\/uploads\/sommerlich.art-web1696343594606_01-200x300.jpg\" srcset=\"https:\/\/sommerlich.art\/wp-content\/uploads\/sommerlich.art-web1696343594606_01-200x300.jpg 200w,https:\/\/sommerlich.art\/wp-content\/uploads\/sommerlich.art-web1696343594606_01-682x1024.jpg 682w,https:\/\/sommerlich.art\/wp-content\/uploads\/sommerlich.art-web1696343594606_01.jpg 853w\" sizes=\"auto, 250px\"\/><\/a><div class=\"sgb-item-caption\"><em>\"Bayerischer Elb\" - \u00d6l auf Leinwand 30x40cm<\/em><\/div><\/div><div class=\"sgb-item\"><a href=\"https:\/\/sommerlich.art\/pgc_simply_gallery\/skizzen\/screenshot_2022-11-27_14-05-152_v1\/\" target=\"_blank\"><img decoding=\"async\" alt=\"\" width=\"1163\" height=\"1080\" loading=\"lazy\" src=\"https:\/\/sommerlich.art\/wp-content\/uploads\/Screenshot_2022-11-27_14-05-152_v1.jpg\" srcset=\",https:\/\/sommerlich.art\/wp-content\/uploads\/Screenshot_2022-11-27_14-05-152_v1.jpg 1163w\" sizes=\"auto, 250px\"\/><\/a><\/div><div class=\"sgb-item\"><a href=\"https:\/\/sommerlich.art\/pgc_simply_gallery\/portfolio\/sommerlich-art-web1668963970853_01\/\" target=\"_blank\"><img decoding=\"async\" alt=\"Gouache Bild eines alten turm\u00e4hnlichen Hauses, dass schon etwas verfallen ist auf einer Anh\u00f6he. Gouache painting of an old tower-like house that is already somewhat dilapidated on a hill.\" width=\"1080\" height=\"1569\" loading=\"lazy\" src=\"https:\/\/sommerlich.art\/wp-content\/uploads\/sommerlich.art-web1668963970853_01.jpg\" srcset=\",https:\/\/sommerlich.art\/wp-content\/uploads\/sommerlich.art-web1668963970853_01.jpg 1080w\" sizes=\"auto, 250px\"\/><\/a><div class=\"sgb-item-caption\"><em>\"Gruselhaus\" - Tusche, Gouache - 8x12cm<\/em><\/div><\/div><div class=\"sgb-item\"><a href=\"https:\/\/sommerlich.art\/pgc_simply_gallery\/portfolio\/inktober2022_28_camping2_andreas-sommer_web\/\" target=\"_blank\"><img decoding=\"async\" alt=\"Ein gro\u00dfes oranges Zelt dass auf der Wurzel eines riesigen Baumes ist mit mehreren Fenstern und einem kleineren Zelt das im Hintergrund am Baumstamm h\u00e4ngt. A large orange tent that is on the root of a huge tree with several windows and a smaller tent that hangs in the background on the tree trunk.\" width=\"1644\" height=\"967\" loading=\"lazy\" src=\"https:\/\/sommerlich.art\/wp-content\/uploads\/inktober2022_28_camping2_Andreas-Sommer_web.jpg\" srcset=\",https:\/\/sommerlich.art\/wp-content\/uploads\/inktober2022_28_camping2_Andreas-Sommer_web.jpg 1644w\" sizes=\"auto, 250px\"\/><\/a><div class=\"sgb-item-caption\"><em>\"Camping\" - Tusche, Gouache - 23x15cm<\/em><\/div><\/div><div class=\"sgb-item\"><a href=\"https:\/\/sommerlich.art\/pgc_simply_gallery\/portfolio\/white-tree_andreas-sommer\/\" target=\"_blank\"><img decoding=\"async\" alt=\"Bild eines Baumes an einer Klippe mit wei\u00dfer Rinde und gr\u00fcner Krone. Picture of a tree with white bark and green leafs at a cliff.\" width=\"1262\" height=\"1778\" loading=\"lazy\" src=\"https:\/\/sommerlich.art\/wp-content\/uploads\/White-Tree_Andreas-Sommer-1.jpg\" srcset=\",https:\/\/sommerlich.art\/wp-content\/uploads\/White-Tree_Andreas-Sommer-1.jpg 1262w\" sizes=\"auto, 250px\"\/><\/a><div class=\"sgb-item-caption\"><em>\"Wei\u00dfbaum\" - Tusche, Gouache - 8x12cm<\/em><\/div><\/div><div class=\"sgb-item\"><a href=\"https:\/\/sommerlich.art\/jeremiah_andreas_sommer_web\/\" target=\"_blank\"><img decoding=\"async\" alt=\"Digitale Nachzeichung des &quot;Jeremia&quot; von Rembrandt. Digital drawing of the &quot;Jeremiah&quot; from Rembrandt.\" width=\"1800\" height=\"1727\" loading=\"lazy\" src=\"https:\/\/sommerlich.art\/wp-content\/uploads\/Jeremiah_Andreas_Sommer_web-1800x1727.jpg\" srcset=\"https:\/\/sommerlich.art\/wp-content\/uploads\/Jeremiah_Andreas_Sommer_web-1800x1727.jpg 1800w,https:\/\/sommerlich.art\/wp-content\/uploads\/Jeremiah_Andreas_Sommer_web.jpg 2500w\" sizes=\"auto, 250px\"\/><\/a><div class=\"sgb-item-caption\"><em>\"Jeremias\" - Digital<\/em><\/div><\/div><div class=\"sgb-item\"><a href=\"https:\/\/sommerlich.art\/dragon-rider_andreas_sommer_web\/\" target=\"_blank\"><img decoding=\"async\" alt=\"Digitale Kohlezeichnung einer jungen Frau auf einem Drachen. Der Drache wir gerade von einem Raben ge\u00e4rgert und die Frau muss auf passen nicht herunterzufallen. Digital charcoal sketch of a young woman who is riding a dragon. The dragon is annoyed by a raven, which makes it hard for the woman to keep balance.\" width=\"1800\" height=\"720\" loading=\"lazy\" src=\"https:\/\/sommerlich.art\/wp-content\/uploads\/Dragon-Rider_Andreas_Sommer_web-1800x720.jpg\" srcset=\"https:\/\/sommerlich.art\/wp-content\/uploads\/Dragon-Rider_Andreas_Sommer_web-1800x720.jpg 1800w,https:\/\/sommerlich.art\/wp-content\/uploads\/Dragon-Rider_Andreas_Sommer_web.jpg 2500w\" sizes=\"auto, 250px\"\/><\/a><div class=\"sgb-item-caption\"><em>\"Drachenreiter\" - Digital<\/em><\/div><\/div><\/div><\/noscript><\/div><script type=\"application\/json\" class=\"sgb-data\">{\"thumbSpacing\":16,\"thumbMobileSpacing\":8,\"externalLinkFontSize\":13,\"captionHAlign\":\"bottom\",\"collectionthumbHoverTitleFontSize\":11,\"collectionthumbRoundedCorners\":20,\"collectionThumbSubMenuDownload\":false,\"collectionThumbSubMenuShare\":false,\"galleryType\":\"pgc_sgb_masonry\",\"galleryId\":\"e0f96456\",\"images\":[{\"id\":4661,\"title\":\"\\u0022King Ludwig - The Last\\u0022\",\"url\":\"https:\/\/sommerlich.art\/wp-content\/uploads\/King-Ludwig-The-Last_Andreas-Sommer_web-1.jpg\",\"link\":\"https:\/\/sommerlich.art\/sommerlich-kunst-chiemsee\/king-ludwig-the-last_andreas-sommer_web-2\/\",\"alt\":\"Ein dramatisches \u00d6lgem\u00e4lde, das K\u00f6nig Ludwig auf einem gewaltigen, grau-goldenen Fantasyl\u00f6wen zeigt. Die Szene spielt vor einer chaotischen Kulisse aus wirbelnden dunklen Gewitterwolken, herumtreibenden Tr\u00fcmmern und goldenen Lichtstreifen, die ein Gef\u00fchl epischer Fantasie vermitteln.\",\"description\":\"Ein dramatisches \u00d6lgem\u00e4lde, das K\u00f6nig Ludwig auf einem gewaltigen, grau-goldenen Fantasyl\u00f6wen zeigt. Die Szene spielt vor einer chaotischen Kulisse aus wirbelnden dunklen Gewitterwolken, herumtreibenden Tr\u00fcmmern und goldenen Lichtstreifen, die ein Gef\u00fchl epischer Fantasie vermitteln.\",\"caption\":\"\\u0022King Ludwig - The Last\\u0022 - \u00d6l auf Leinwand 134 x 200 cm\",\"mime\":\"image\/jpeg\",\"type\":\"image\",\"width\":1086,\"height\":1627,\"sizes\":{\"thumbnail\":{\"height\":150,\"width\":150,\"url\":\"https:\/\/sommerlich.art\/wp-content\/uploads\/King-Ludwig-The-Last_Andreas-Sommer_web-1-150x150.jpg\",\"orientation\":\"landscape\"},\"medium\":{\"height\":300,\"width\":200,\"url\":\"https:\/\/sommerlich.art\/wp-content\/uploads\/King-Ludwig-The-Last_Andreas-Sommer_web-1-200x300.jpg\",\"orientation\":\"portrait\"},\"large\":{\"height\":1024,\"width\":684,\"url\":\"https:\/\/sommerlich.art\/wp-content\/uploads\/King-Ludwig-The-Last_Andreas-Sommer_web-1-684x1024.jpg\",\"orientation\":\"portrait\"},\"full\":{\"url\":\"https:\/\/sommerlich.art\/wp-content\/uploads\/King-Ludwig-The-Last_Andreas-Sommer_web-1.jpg\",\"height\":1627,\"width\":1086,\"orientation\":\"portrait\"}},\"imageMeta\":{\"aperture\":\"0\",\"credit\":\"Andreas Sommer\",\"camera\":\"\",\"caption\":\"\",\"created_timestamp\":\"0\",\"copyright\":\"Andreas Sommer\",\"focal_length\":\"0\",\"iso\":\"0\",\"shutter_speed\":\"0\",\"title\":\"\",\"orientation\":\"0\",\"keywords\":[],\"alt\":\"\"},\"meta\":false,\"postlink\":\"https:\/\/sommerlich.art\/sommerlich-kunst-chiemsee\/king-ludwig-the-last_andreas-sommer_web-2\/\"},{\"id\":4584,\"title\":\"\\u0022Tannin\\u0022\",\"url\":\"https:\/\/sommerlich.art\/wp-content\/uploads\/260305-01_v3_web.jpg\",\"link\":\"https:\/\/sommerlich.art\/tannin\/260305-01_v3_web\/\",\"alt\":\"Ein dramatisches \u00d6lgem\u00e4lde, das K\u00f6nig Ludwig auf einem gewaltigen, grau-goldenen Fantasyl\u00f6wen zeigt. Die Szene spielt vor einer chaotischen Kulisse aus wirbelnden dunklen Gewitterwolken, herumtreibenden Tr\u00fcmmern und goldenen Lichtstreifen, die ein Gef\u00fchl epischer Fantasie vermitteln.\",\"description\":\"Eine fertige Graphit- und wei\u00dfe Pastellzeichnung auf grau get\u00f6ntem Papier, die eine junge Frau zeigt, die mit drei Wasserdrachenwesen verschlungen ist, wodurch ein surreales Werk realistischer Kunst entsteht.\",\"caption\":\"\\u0022Tannin\\u0022 - Bleistift\/Pastell auf Papier 10x15cm\",\"mime\":\"image\/jpeg\",\"type\":\"image\",\"width\":1437,\"height\":2300,\"sizes\":{\"thumbnail\":{\"height\":150,\"width\":150,\"url\":\"https:\/\/sommerlich.art\/wp-content\/uploads\/260305-01_v3_web-150x150.jpg\",\"orientation\":\"landscape\"},\"medium\":{\"height\":300,\"width\":187,\"url\":\"https:\/\/sommerlich.art\/wp-content\/uploads\/260305-01_v3_web-187x300.jpg\",\"orientation\":\"portrait\"},\"large\":{\"height\":1024,\"width\":640,\"url\":\"https:\/\/sommerlich.art\/wp-content\/uploads\/260305-01_v3_web-640x1024.jpg\",\"orientation\":\"portrait\"},\"full\":{\"url\":\"https:\/\/sommerlich.art\/wp-content\/uploads\/260305-01_v3_web.jpg\",\"height\":2300,\"width\":1437,\"orientation\":\"portrait\"}},\"imageMeta\":{\"aperture\":\"0\",\"credit\":\"Andreas Sommer\",\"camera\":\"\",\"caption\":\"\",\"created_timestamp\":\"0\",\"copyright\":\"Andreas Sommer\",\"focal_length\":\"0\",\"iso\":\"0\",\"shutter_speed\":\"0\",\"title\":\"\",\"orientation\":\"0\",\"keywords\":[]},\"meta\":false,\"postlink\":\"https:\/\/sommerlich.art\/tannin\/260305-01_v3_web\/\"},{\"id\":4570,\"title\":\"\\u0022Pegasus1\\u0022\",\"url\":\"https:\/\/sommerlich.art\/wp-content\/uploads\/260202-01_v3_web.jpg\",\"link\":\"https:\/\/sommerlich.art\/pegasus-konzept-1\/260202-01_v3_web\/\",\"alt\":\"Bleistiftskizze eines fantastischen Pferdes im Profil, nach links gewandt, in monochromen T\u00f6nen auf strukturiertem Papier dargestellt. Das Pferd hat eine lange, komplexe, flie\u00dfende M\u00e4hne, die aus mehreren welligen, bandartigen Str\u00e4hnen besteht, die dynamisch \u00fcber seinen Hals und K\u00f6rper fallen und mit mehreren tropfenf\u00f6rmigen dekorativen Anh\u00e4ngern verziert sind.\",\"description\":\"Bleistiftskizze eines fantastischen Pferdes im Profil, nach links gewandt, in monochromen T\u00f6nen auf strukturiertem Papier dargestellt. Das Pferd hat eine lange, komplexe, flie\u00dfende M\u00e4hne, die aus mehreren welligen, bandartigen Str\u00e4hnen besteht, die dynamisch \u00fcber seinen Hals und K\u00f6rper fallen und mit mehreren tropfenf\u00f6rmigen dekorativen Anh\u00e4ngern verziert sind.\",\"caption\":\"\\u0022Pegasus1\\u0022 - Bleistift\/Pastell auf Papier 10x5cm\",\"mime\":\"image\/jpeg\",\"type\":\"image\",\"width\":1400,\"height\":855,\"sizes\":{\"thumbnail\":{\"height\":150,\"width\":150,\"url\":\"https:\/\/sommerlich.art\/wp-content\/uploads\/260202-01_v3_web-150x150.jpg\",\"orientation\":\"landscape\"},\"medium\":{\"height\":183,\"width\":300,\"url\":\"https:\/\/sommerlich.art\/wp-content\/uploads\/260202-01_v3_web-300x183.jpg\",\"orientation\":\"landscape\"},\"large\":{\"height\":625,\"width\":1024,\"url\":\"https:\/\/sommerlich.art\/wp-content\/uploads\/260202-01_v3_web-1024x625.jpg\",\"orientation\":\"landscape\"},\"full\":{\"url\":\"https:\/\/sommerlich.art\/wp-content\/uploads\/260202-01_v3_web.jpg\",\"height\":855,\"width\":1400,\"orientation\":\"landscape\"}},\"imageMeta\":{\"aperture\":\"0\",\"credit\":\"Andreas Sommer\",\"camera\":\"\",\"caption\":\"\",\"created_timestamp\":\"0\",\"copyright\":\"Andreas Sommer\",\"focal_length\":\"0\",\"iso\":\"0\",\"shutter_speed\":\"0\",\"title\":\"\",\"orientation\":\"0\",\"keywords\":[]},\"meta\":false,\"postlink\":\"https:\/\/sommerlich.art\/pegasus-konzept-1\/260202-01_v3_web\/\"},{\"id\":4543,\"title\":\"\\u0022N\u00e9ght-gyst\\u0022\",\"url\":\"https:\/\/sommerlich.art\/wp-content\/uploads\/251022-004_v2.jpg_web_v3.jpg\",\"link\":\"https:\/\/sommerlich.art\/251022-004_v2-jpg_web_v3\/\",\"alt\":\"Eine detaillierte Bleistift- und Pastellzeichnung eines Drachen. Der Drache wirkt skelettartig, mit sichtbarer Knochenstruktur, die seine Fl\u00fcgel bildet, und einem langen, mit Stacheln bedeckten Schwanz. Er hat markante schwarze Stacheln, die aus seinem Kopf herausragen.\",\"description\":\"Eine detaillierte Bleistift- und Pastellzeichnung eines Drachen. Der Drache wirkt skelettartig, mit sichtbarer Knochenstruktur, die seine Fl\u00fcgel bildet, und einem langen, mit Stacheln bedeckten Schwanz. Er hat markante schwarze Stacheln, die aus seinem Kopf herausragen.\",\"caption\":\"\\u0022N\u00e9ght-gyst\\u0022 - Bleistift\/Pastell auf Papier 20x20cm\",\"mime\":\"image\/jpeg\",\"type\":\"image\",\"width\":1400,\"height\":1400,\"sizes\":{\"thumbnail\":{\"height\":150,\"width\":150,\"url\":\"https:\/\/sommerlich.art\/wp-content\/uploads\/251022-004_v2.jpg_web_v3-150x150.jpg\",\"orientation\":\"landscape\"},\"medium\":{\"height\":300,\"width\":300,\"url\":\"https:\/\/sommerlich.art\/wp-content\/uploads\/251022-004_v2.jpg_web_v3-300x300.jpg\",\"orientation\":\"landscape\"},\"large\":{\"height\":1024,\"width\":1024,\"url\":\"https:\/\/sommerlich.art\/wp-content\/uploads\/251022-004_v2.jpg_web_v3-1024x1024.jpg\",\"orientation\":\"landscape\"},\"full\":{\"url\":\"https:\/\/sommerlich.art\/wp-content\/uploads\/251022-004_v2.jpg_web_v3.jpg\",\"height\":1400,\"width\":1400,\"orientation\":\"landscape\"}},\"imageMeta\":{\"aperture\":\"0\",\"credit\":\"Andreas Sommer\",\"camera\":\"\",\"caption\":\"\",\"created_timestamp\":\"0\",\"copyright\":\"Andreas Sommer\",\"focal_length\":\"0\",\"iso\":\"0\",\"shutter_speed\":\"0\",\"title\":\"\",\"orientation\":\"0\",\"keywords\":[]},\"meta\":false,\"postlink\":\"https:\/\/sommerlich.art\/251022-004_v2-jpg_web_v3\/\"},{\"id\":4502,\"title\":\"\\u0022Schattenwurzel\\u0022\",\"url\":\"https:\/\/sommerlich.art\/wp-content\/uploads\/sketchbook230720-1_Andreas-Sommer_web.jpg\",\"link\":\"https:\/\/sommerlich.art\/sketchbook230720-1_andreas-sommer_web\/\",\"alt\":\"Bleistiftzeichnung einer eines Fantasy-Characters, die halb Mensch, halb Baum ist und eine kleine Fee in ihrer Hand h\u00e4lt, mit einem w\u00fctenden und erstaunten Gesichtsausdruck.\",\"description\":\"Bleistiftzeichnung einer eines Fantasy-Characters, die halb Mensch, halb Baum ist und eine kleine Fee in ihrer Hand h\u00e4lt, mit einem w\u00fctenden und erstaunten Gesichtsausdruck.\",\"caption\":\"\\u0022Schattenwurzel\\u0022 - Bleistift\/Pastell auf Papier 20x20cm\",\"mime\":\"image\/jpeg\",\"type\":\"image\",\"width\":1614,\"height\":1627,\"sizes\":{\"thumbnail\":{\"height\":150,\"width\":150,\"url\":\"https:\/\/sommerlich.art\/wp-content\/uploads\/sketchbook230720-1_Andreas-Sommer_web-150x150.jpg\",\"orientation\":\"landscape\"},\"medium\":{\"height\":300,\"width\":298,\"url\":\"https:\/\/sommerlich.art\/wp-content\/uploads\/sketchbook230720-1_Andreas-Sommer_web-298x300.jpg\",\"orientation\":\"portrait\"},\"large\":{\"height\":1024,\"width\":1016,\"url\":\"https:\/\/sommerlich.art\/wp-content\/uploads\/sketchbook230720-1_Andreas-Sommer_web-1016x1024.jpg\",\"orientation\":\"portrait\"},\"full\":{\"url\":\"https:\/\/sommerlich.art\/wp-content\/uploads\/sketchbook230720-1_Andreas-Sommer_web.jpg\",\"height\":1627,\"width\":1614,\"orientation\":\"portrait\"}},\"imageMeta\":{\"aperture\":\"0\",\"credit\":\"Andreas Sommer\",\"camera\":\"\",\"caption\":\"\",\"created_timestamp\":\"0\",\"copyright\":\"Andreas Sommer\",\"focal_length\":\"0\",\"iso\":\"0\",\"shutter_speed\":\"0\",\"title\":\"\",\"orientation\":\"0\",\"keywords\":[]},\"meta\":false,\"postlink\":\"https:\/\/sommerlich.art\/sketchbook230720-1_andreas-sommer_web\/\"},{\"id\":4475,\"title\":\"\\u0022Himmelfahrt\\u0022\",\"url\":\"https:\/\/sommerlich.art\/wp-content\/uploads\/Ascension_Andreas-Sommer_HD_web.jpg\",\"link\":\"https:\/\/sommerlich.art\/himmelfahrt\/ascension_andreas-sommer_hd_web\/\",\"alt\":\"Ein dramatisches \u00d6lgem\u00e4lde stellt ein wei\u00dfes Lamm in der Mitte eines dunklen, wirbelnden Hintergrunds aus felsen dar. Goldene Lichtstrahlen scheinen vom Lamm auszugehen und durchbrechen die Dunkelheit, was Hoffnung, Erl\u00f6sung oder g\u00f6ttliche Pr\u00e4senz symbolisiert.\",\"description\":\"Ein dramatisches \u00d6lgem\u00e4lde stellt ein wei\u00dfes Lamm in der Mitte eines dunklen, wirbelnden Hintergrunds aus felsen dar. Goldene Lichtstrahlen scheinen vom Lamm auszugehen und durchbrechen die Dunkelheit, was Hoffnung, Erl\u00f6sung oder g\u00f6ttliche Pr\u00e4senz symbolisiert.\",\"caption\":\"\\u0022Himmelfahrt\\u0022 \u00d6l auf Leinwand 48x60 cm\",\"mime\":\"image\/jpeg\",\"type\":\"image\",\"width\":1627,\"height\":1302,\"sizes\":{\"thumbnail\":{\"height\":150,\"width\":150,\"url\":\"https:\/\/sommerlich.art\/wp-content\/uploads\/Ascension_Andreas-Sommer_HD_web-150x150.jpg\",\"orientation\":\"landscape\"},\"medium\":{\"height\":240,\"width\":300,\"url\":\"https:\/\/sommerlich.art\/wp-content\/uploads\/Ascension_Andreas-Sommer_HD_web-300x240.jpg\",\"orientation\":\"landscape\"},\"large\":{\"height\":819,\"width\":1024,\"url\":\"https:\/\/sommerlich.art\/wp-content\/uploads\/Ascension_Andreas-Sommer_HD_web-1024x819.jpg\",\"orientation\":\"landscape\"},\"full\":{\"url\":\"https:\/\/sommerlich.art\/wp-content\/uploads\/Ascension_Andreas-Sommer_HD_web.jpg\",\"height\":1302,\"width\":1627,\"orientation\":\"landscape\"}},\"imageMeta\":{\"aperture\":\"0\",\"credit\":\"Andreas Sommer\",\"camera\":\"\",\"caption\":\"\",\"created_timestamp\":\"0\",\"copyright\":\"Andreas Sommer\",\"focal_length\":\"0\",\"iso\":\"0\",\"shutter_speed\":\"0\",\"title\":\"\",\"orientation\":\"0\",\"keywords\":[]},\"meta\":false,\"postlink\":\"https:\/\/sommerlich.art\/himmelfahrt\/ascension_andreas-sommer_hd_web\/\"},{\"id\":4210,\"title\":\"\\u0022Mindbreaker\\u0022\",\"url\":\"https:\/\/sommerlich.art\/wp-content\/uploads\/Dissolve_Andreas-Sommer_web.jpg\",\"link\":\"https:\/\/sommerlich.art\/mindbreaker\/dissolve_andreas-sommer_web\/\",\"alt\":\"Bleistift- und Pastellportrait einer jungen Frau in einer d\u00fcsteren Fantasy-Szene. Sie hat die Augen geschlossen und hat einen angestrengten, erduldenen Gesichtsausdruck. Felsbrocken l\u00f6sen sich von ihrem Kopf und schweben hinfort, w\u00e4hrend ein Riss um ihren Hals sie an eine Mischung aus Mensch und Stein erinnert. Eine Ranke mit Stacheln umgibt sie in einem grauen Hintergrund. Pencil and pastel portrait of a young woman in a dark fantasy scene. She has her eyes closed and a strained, enduring expression on her face. Boulders detach themselves from her head and float away, while a crack around her neck reminds her of a mixture of human and stone. A tendril with spikes surrounds her in a gray background.\",\"description\":\"Bleistift- und Pastellportrait einer jungen Frau in einer d\u00fcsteren Fantasy-Szene. Sie hat die Augen geschlossen und hat einen angestrengten, erduldenen Gesichtsausdruck. Felsbrocken l\u00f6sen sich von ihrem Kopf und schweben hinfort, w\u00e4hrend ein Riss um ihren Hals sie an eine Mischung aus Mensch und Stein erinnert. Eine Ranke mit Stacheln umgibt sie in einem grauen Hintergrund.\\n\\nPencil and pastel portrait of a young woman in a dark fantasy scene. She has her eyes closed and a strained, enduring expression on her face. Boulders detach themselves from her head and float away, while a crack around her neck reminds her of a mixture of human and stone. A tendril with spikes surrounds her in a gray background.\",\"caption\":\"\\u0022Mindbreaker\\u0022 - Bleistift\/Pastell auf Papier 15x15cm\",\"mime\":\"image\/jpeg\",\"type\":\"image\",\"width\":1394,\"height\":1394,\"sizes\":{\"thumbnail\":{\"height\":150,\"width\":150,\"url\":\"https:\/\/sommerlich.art\/wp-content\/uploads\/Dissolve_Andreas-Sommer_web-150x150.jpg\",\"orientation\":\"landscape\"},\"medium\":{\"height\":300,\"width\":300,\"url\":\"https:\/\/sommerlich.art\/wp-content\/uploads\/Dissolve_Andreas-Sommer_web-300x300.jpg\",\"orientation\":\"landscape\"},\"large\":{\"height\":1024,\"width\":1024,\"url\":\"https:\/\/sommerlich.art\/wp-content\/uploads\/Dissolve_Andreas-Sommer_web-1024x1024.jpg\",\"orientation\":\"landscape\"},\"full\":{\"url\":\"https:\/\/sommerlich.art\/wp-content\/uploads\/Dissolve_Andreas-Sommer_web.jpg\",\"height\":1394,\"width\":1394,\"orientation\":\"landscape\"}},\"imageMeta\":{\"aperture\":\"0\",\"credit\":\"Andreas Sommer\",\"camera\":\"\",\"caption\":\"\",\"created_timestamp\":\"0\",\"copyright\":\"Andreas Sommer\",\"focal_length\":\"0\",\"iso\":\"0\",\"shutter_speed\":\"0\",\"title\":\"\",\"orientation\":\"0\",\"keywords\":[]},\"meta\":false,\"postlink\":\"https:\/\/sommerlich.art\/mindbreaker\/dissolve_andreas-sommer_web\/\"},{\"id\":4198,\"title\":\"\\u0022Luftj\u00e4gerin\\u0022\",\"url\":\"https:\/\/sommerlich.art\/wp-content\/uploads\/LuftJager_Andreas-Sommer.jpg\",\"link\":\"https:\/\/sommerlich.art\/luftjagerin\/luftjager_andreas-sommer\/\",\"alt\":\"Detailreiche Zeichnung einer m\u00e4chtigen Kriegerin, die auf einem riesigen Vogel reitet und einen Speer h\u00e4lt. Das Kunstwerk f\u00e4ngt St\u00e4rke und Freiheit durch dynamische Posen und lebendige Details ein. Detailed drawing of a mighty warrior riding a giant bird and holding a spear. The artwork captures strength and freedom through dynamic poses and vivid details.\",\"description\":\"Detailreiche Zeichnung einer m\u00e4chtigen Kriegerin, die auf einem riesigen  Vogel reitet und einen Speer h\u00e4lt. Das Kunstwerk f\u00e4ngt St\u00e4rke und Freiheit durch dynamische Posen und lebendige Details ein.\\n\\nDetailed drawing of a mighty warrior riding a giant bird and holding a spear. The artwork captures strength and freedom through dynamic poses and vivid details.\",\"caption\":\"\\u0022Luftj\u00e4gerin\\u0022 - Bleistift\/Pastell auf Papier 22x30cm\",\"mime\":\"image\/jpeg\",\"type\":\"image\",\"width\":1156,\"height\":1627,\"sizes\":{\"thumbnail\":{\"height\":150,\"width\":150,\"url\":\"https:\/\/sommerlich.art\/wp-content\/uploads\/LuftJager_Andreas-Sommer-150x150.jpg\",\"orientation\":\"landscape\"},\"medium\":{\"height\":300,\"width\":213,\"url\":\"https:\/\/sommerlich.art\/wp-content\/uploads\/LuftJager_Andreas-Sommer-213x300.jpg\",\"orientation\":\"portrait\"},\"large\":{\"height\":1024,\"width\":728,\"url\":\"https:\/\/sommerlich.art\/wp-content\/uploads\/LuftJager_Andreas-Sommer-728x1024.jpg\",\"orientation\":\"portrait\"},\"full\":{\"url\":\"https:\/\/sommerlich.art\/wp-content\/uploads\/LuftJager_Andreas-Sommer.jpg\",\"height\":1627,\"width\":1156,\"orientation\":\"portrait\"}},\"imageMeta\":{\"aperture\":\"0\",\"credit\":\"Andreas Sommer\",\"camera\":\"\",\"caption\":\"\",\"created_timestamp\":\"0\",\"copyright\":\"Andreas Sommer\",\"focal_length\":\"0\",\"iso\":\"0\",\"shutter_speed\":\"0\",\"title\":\"\",\"orientation\":\"1\",\"keywords\":[]},\"meta\":false,\"postlink\":\"https:\/\/sommerlich.art\/luftjagerin\/luftjager_andreas-sommer\/\"},{\"id\":4169,\"title\":\"\\u0022Collector\\u0022\",\"url\":\"https:\/\/sommerlich.art\/wp-content\/uploads\/Collector_Andreas-Sommer_v1_web.jpg\",\"link\":\"https:\/\/sommerlich.art\/collector_andreas-sommer_v1_web\/\",\"alt\":\"\u00d6lgem\u00e4lde einer \u00e4lteren Elfendame. Sie hat einen fr\u00f6hlichen und gelassenen Gesichtsausdruck. Sie kniet an einem Baum mit ausgestrecktem arm und sammelt bernsteine in ihrem weidenkorb. Sie tr\u00e4gt braune schlichte Kleidung mit einem Blauen Kopftuch. Sie hat auf ihrem kopf einen gro\u00dfen Holzhut auf dem Pilze und Gras wachsen. An ihrem R\u00fccken sieht man lange blaue Federn die sie anstatt von Haaren zu scheinen hat. Im Hintergrund erkennt man gro\u00dfe Wolken die ein Gewitter ank\u00fcndigen und im Vordergrund ist das bild von zwei B\u00e4umen und einer dunklen Wiese eingerahmt.\",\"description\":\"\u00d6lgem\u00e4lde einer \u00e4lteren Elfendame. Sie hat einen fr\u00f6hlichen und gelassenen Gesichtsausdruck. Sie kniet an einem Baum mit ausgestrecktem arm und sammelt bernsteine in ihrem weidenkorb. Sie tr\u00e4gt braune schlichte Kleidung mit einem Blauen Kopftuch. Sie hat auf ihrem kopf einen gro\u00dfen Holzhut auf dem Pilze und Gras wachsen. An ihrem R\u00fccken sieht man lange blaue Federn die sie anstatt von Haaren zu scheinen hat. \\nIm Hintergrund erkennt man gro\u00dfe Wolken die ein Gewitter ank\u00fcndigen und im Vordergrund ist das bild von zwei B\u00e4umen und einer dunklen Wiese eingerahmt.\",\"caption\":\"\\u0022Collector\\u0022 - \u00d6l auf Leinwand 62x100cm\",\"mime\":\"image\/jpeg\",\"type\":\"image\",\"width\":1055,\"height\":1627,\"sizes\":{\"thumbnail\":{\"height\":150,\"width\":150,\"url\":\"https:\/\/sommerlich.art\/wp-content\/uploads\/Collector_Andreas-Sommer_v1_web-150x150.jpg\",\"orientation\":\"landscape\"},\"medium\":{\"height\":300,\"width\":195,\"url\":\"https:\/\/sommerlich.art\/wp-content\/uploads\/Collector_Andreas-Sommer_v1_web-195x300.jpg\",\"orientation\":\"portrait\"},\"large\":{\"height\":1024,\"width\":664,\"url\":\"https:\/\/sommerlich.art\/wp-content\/uploads\/Collector_Andreas-Sommer_v1_web-664x1024.jpg\",\"orientation\":\"portrait\"},\"full\":{\"url\":\"https:\/\/sommerlich.art\/wp-content\/uploads\/Collector_Andreas-Sommer_v1_web.jpg\",\"height\":1627,\"width\":1055,\"orientation\":\"portrait\"}},\"imageMeta\":{\"aperture\":\"0\",\"credit\":\"Andreas Sommer\",\"camera\":\"\",\"caption\":\"\",\"created_timestamp\":\"0\",\"copyright\":\"Andreas Sommer\",\"focal_length\":\"0\",\"iso\":\"0\",\"shutter_speed\":\"0\",\"title\":\"\",\"orientation\":\"1\",\"keywords\":[]},\"meta\":false,\"postlink\":\"https:\/\/sommerlich.art\/collector_andreas-sommer_v1_web\/\"},{\"id\":4151,\"title\":\"\\u0022Blossom of Bones\\u0022\",\"url\":\"https:\/\/sommerlich.art\/wp-content\/uploads\/glow_Andreas-Sommer_web.jpg\",\"link\":\"https:\/\/sommerlich.art\/blossom-of-bones\/glow_andreas-sommer_web\/\",\"alt\":\"Das Bild zeigt eine Zeichnung einer nackten Frau auf einem verdrehten Baumast in dem Sch\u00e4del eingewachsen sind. Die Frau befindet sich in der Mitte der Komposition mit dem R\u00fccken zum Betrachter und sieht ihn \u00fcber ihre Schulter hin an. The picture shows a drawing of a naked woman on a twisted tree branch in which skulls have grown. The woman is in the center of the composition with her back to the viewer, looking at him over her shoulder.\",\"description\":\"Das Bild zeigt eine Zeichnung einer nackten Frau auf einem verdrehten Baumast in dem Sch\u00e4del eingewachsen sind. Die Frau befindet sich in der Mitte der Komposition mit dem R\u00fccken zum Betrachter und sieht ihn \u00fcber ihre Schulter hin an.\\n\\nThe picture shows a drawing of a naked woman on a twisted tree branch in which skulls have grown. The woman is in the center of the composition with her back to the viewer, looking at him over her shoulder.\",\"caption\":\"\\u0022Guardian\\u0022 - Bleistift\/Pastell auf Papier 22x30cm\",\"mime\":\"image\/jpeg\",\"type\":\"image\",\"width\":1222,\"height\":1627,\"sizes\":{\"thumbnail\":{\"height\":150,\"width\":150,\"url\":\"https:\/\/sommerlich.art\/wp-content\/uploads\/glow_Andreas-Sommer_web-150x150.jpg\",\"orientation\":\"landscape\"},\"medium\":{\"height\":300,\"width\":225,\"url\":\"https:\/\/sommerlich.art\/wp-content\/uploads\/glow_Andreas-Sommer_web-225x300.jpg\",\"orientation\":\"portrait\"},\"large\":{\"height\":1024,\"width\":769,\"url\":\"https:\/\/sommerlich.art\/wp-content\/uploads\/glow_Andreas-Sommer_web-769x1024.jpg\",\"orientation\":\"portrait\"},\"full\":{\"url\":\"https:\/\/sommerlich.art\/wp-content\/uploads\/glow_Andreas-Sommer_web.jpg\",\"height\":1627,\"width\":1222,\"orientation\":\"portrait\"}},\"imageMeta\":{\"aperture\":\"0\",\"credit\":\"Andreas Sommer\",\"camera\":\"\",\"caption\":\"\",\"created_timestamp\":\"0\",\"copyright\":\"Andreas Sommer\",\"focal_length\":\"0\",\"iso\":\"0\",\"shutter_speed\":\"0\",\"title\":\"\",\"orientation\":\"1\",\"keywords\":[]},\"meta\":false,\"postlink\":\"https:\/\/sommerlich.art\/blossom-of-bones\/glow_andreas-sommer_web\/\"},{\"id\":4142,\"title\":\"\\u0022Guardian\\u0022\",\"url\":\"https:\/\/sommerlich.art\/wp-content\/uploads\/Guardian_Andreas-Sommer.jpg\",\"link\":\"https:\/\/sommerlich.art\/damonenwaechter\/guardian_andreas-sommer\/\",\"alt\":\"Beschreibung: Ein D\u00e4monenguardian mit Reptilienhaut-Lendentuch h\u00e4lt einen dornigen Stock in dynamischer Haltung, und strahlt eine intensive Energie aus. Das Werk ist mit Bleistift und Pastell auf einem grauem Hintergrund entstanden und verbreitet eine d\u00fcstere Stimmung\",\"description\":\"Beschreibung: Ein D\u00e4monenguardian mit Reptilienhaut-Lendentuch h\u00e4lt einen dornigen Stock in dynamischer Haltung, und strahlt eine intensive Energie aus. Das Werk ist mit Bleistift und Pastell auf einem grauem Hintergrund entstanden und verbreitet eine d\u00fcstere Stimmung\",\"caption\":\"\\u0022Guardian\\u0022 - Bleistift auf Papier 15x15cm\",\"mime\":\"image\/jpeg\",\"type\":\"image\",\"width\":1200,\"height\":1200,\"sizes\":{\"thumbnail\":{\"height\":150,\"width\":150,\"url\":\"https:\/\/sommerlich.art\/wp-content\/uploads\/Guardian_Andreas-Sommer-150x150.jpg\",\"orientation\":\"landscape\"},\"medium\":{\"height\":300,\"width\":300,\"url\":\"https:\/\/sommerlich.art\/wp-content\/uploads\/Guardian_Andreas-Sommer-300x300.jpg\",\"orientation\":\"landscape\"},\"large\":{\"height\":1024,\"width\":1024,\"url\":\"https:\/\/sommerlich.art\/wp-content\/uploads\/Guardian_Andreas-Sommer-1024x1024.jpg\",\"orientation\":\"landscape\"},\"full\":{\"url\":\"https:\/\/sommerlich.art\/wp-content\/uploads\/Guardian_Andreas-Sommer.jpg\",\"height\":1200,\"width\":1200,\"orientation\":\"landscape\"}},\"imageMeta\":{\"aperture\":\"0\",\"credit\":\"Andreas Sommer\",\"camera\":\"\",\"caption\":\"\",\"created_timestamp\":\"0\",\"copyright\":\"Andreas Sommer\",\"focal_length\":\"0\",\"iso\":\"0\",\"shutter_speed\":\"0\",\"title\":\"\",\"orientation\":\"1\",\"keywords\":[]},\"meta\":false,\"postlink\":\"https:\/\/sommerlich.art\/damonenwaechter\/guardian_andreas-sommer\/\"},{\"id\":4127,\"title\":\"\\u0022Skull King\\u0022\",\"url\":\"https:\/\/sommerlich.art\/wp-content\/uploads\/Skull_King-Andreas-Sommer.jpg\",\"link\":\"https:\/\/sommerlich.art\/skull-king\/skull_king-andreas-sommer\/\",\"alt\":\"Bleistiftportrait eines Skeletts ohne Unterkiefer. Es tr\u00e4gt einen Mantel mit Kaputze. Der Manten h\u00e4ngt an der Brust nach vorn, so dass es aussieht wie ein gro\u00dfes Maul. Das Skelett tr\u00e4gt eine Krone aus Knochen. Pencil portrait of a skeleton without a lower jaw. It is wearing a coat with a hood. The mantle is hanging down at the chest so that it looks like a large mouth. The skeleton is wearing a crown made of bone.\",\"description\":\"Bleistiftportrait eines Skeletts ohne Unterkiefer. Es tr\u00e4gt einen Mantel mit Kaputze. Der Manten h\u00e4ngt an der Brust nach vorn, so dass es aussieht wie ein gro\u00dfes Maul. Das Skelett tr\u00e4gt eine Krone aus Knochen.\\n\\nPencil portrait of a skeleton without a lower jaw. It is wearing a coat with a hood. The mantle is hanging down at the chest so that it looks like a large mouth. The skeleton is wearing a crown made of bone.\",\"caption\":\"\\u0022Skull King\\u0022 - Bleistift auf Papier 22x30cm\",\"mime\":\"image\/jpeg\",\"type\":\"image\",\"width\":956,\"height\":1250,\"sizes\":{\"thumbnail\":{\"height\":150,\"width\":150,\"url\":\"https:\/\/sommerlich.art\/wp-content\/uploads\/Skull_King-Andreas-Sommer-150x150.jpg\",\"orientation\":\"landscape\"},\"medium\":{\"height\":300,\"width\":229,\"url\":\"https:\/\/sommerlich.art\/wp-content\/uploads\/Skull_King-Andreas-Sommer-229x300.jpg\",\"orientation\":\"portrait\"},\"large\":{\"height\":1024,\"width\":783,\"url\":\"https:\/\/sommerlich.art\/wp-content\/uploads\/Skull_King-Andreas-Sommer-783x1024.jpg\",\"orientation\":\"portrait\"},\"full\":{\"url\":\"https:\/\/sommerlich.art\/wp-content\/uploads\/Skull_King-Andreas-Sommer.jpg\",\"height\":1250,\"width\":956,\"orientation\":\"portrait\"}},\"imageMeta\":{\"aperture\":\"0\",\"credit\":\"Andreas Sommer\",\"camera\":\"\",\"caption\":\"\",\"created_timestamp\":\"0\",\"copyright\":\"Andreas Sommer\",\"focal_length\":\"0\",\"iso\":\"0\",\"shutter_speed\":\"0\",\"title\":\"\",\"orientation\":\"1\",\"keywords\":[]},\"meta\":false,\"postlink\":\"https:\/\/sommerlich.art\/skull-king\/skull_king-andreas-sommer\/\"},{\"id\":4112,\"title\":\"\\u0022Druid\\u0022\",\"url\":\"https:\/\/sommerlich.art\/wp-content\/uploads\/240912-01_v3.jpg_web.jpg\",\"link\":\"https:\/\/sommerlich.art\/druid\/240912-01_v3-jpg_web\/\",\"alt\":\"Freihandzeichnung eines alten, schwergewichtigen Druiden mit gro\u00dfen Pilzen auf dem R\u00fccken, langem Bart und Zweigen als Geweih auf dem Kopf. Er sieht w\u00fctend aus, w\u00e4hrend er eine Art Beschw\u00f6rungstanz macht. Freehand drawing of an old, heavy-set druid with large mushrooms on his back, a long beard and branches as antlers on his head. He looks angry as he does some kind of incantation dance.\",\"description\":\"Freihandzeichnung eines alten, schwergewichtigen Druiden mit gro\u00dfen Pilzen auf dem R\u00fccken, langem Bart und Zweigen als Geweih auf dem Kopf. Er sieht w\u00fctend aus, w\u00e4hrend er eine Art Beschw\u00f6rungstanz macht.\\nFreehand drawing of an old, heavy-set druid with large mushrooms on his back, a long beard and branches as antlers on his head. He looks angry as he does some kind of incantation dance.\",\"caption\":\"\\u0022Druid\\u0022 - Bleistift auf Papier 15x15cm\",\"mime\":\"image\/jpeg\",\"type\":\"image\",\"width\":1200,\"height\":1405,\"sizes\":{\"thumbnail\":{\"height\":150,\"width\":150,\"url\":\"https:\/\/sommerlich.art\/wp-content\/uploads\/240912-01_v3.jpg_web-150x150.jpg\",\"orientation\":\"landscape\"},\"medium\":{\"height\":300,\"width\":256,\"url\":\"https:\/\/sommerlich.art\/wp-content\/uploads\/240912-01_v3.jpg_web-256x300.jpg\",\"orientation\":\"portrait\"},\"large\":{\"height\":1024,\"width\":875,\"url\":\"https:\/\/sommerlich.art\/wp-content\/uploads\/240912-01_v3.jpg_web-875x1024.jpg\",\"orientation\":\"portrait\"},\"full\":{\"url\":\"https:\/\/sommerlich.art\/wp-content\/uploads\/240912-01_v3.jpg_web.jpg\",\"height\":1405,\"width\":1200,\"orientation\":\"portrait\"}},\"imageMeta\":{\"aperture\":\"0\",\"credit\":\"Andreas Sommer\",\"camera\":\"\",\"caption\":\"\",\"created_timestamp\":\"0\",\"copyright\":\"Andreas Sommer\",\"focal_length\":\"0\",\"iso\":\"0\",\"shutter_speed\":\"0\",\"title\":\"\",\"orientation\":\"1\",\"keywords\":[]},\"meta\":false,\"postlink\":\"https:\/\/sommerlich.art\/druid\/240912-01_v3-jpg_web\/\"},{\"id\":4091,\"title\":\"\\u0022Ent-In\\u0022\",\"url\":\"https:\/\/sommerlich.art\/wp-content\/uploads\/240806-01_v2_web.jpg\",\"link\":\"https:\/\/sommerlich.art\/ent-in\/240806-01_v2_web\/\",\"alt\":\"Bleistiftzeichnung einers Fantasy-Charakters, die eine Mischung aus einer jungen Frau und einem Baum ist. Sie grinst b\u00f6se und starrt auf eine gro\u00dfe Fliege in ihrer Hand. Pencil drawing of a fantasy character which is a mixture of a young woman and a tree. She grins nastily and stares at a large fly in her hand.\",\"description\":\"Bleistiftzeichnung einers Fantasy-Charakters, die eine Mischung aus einer jungen Frau und einem Baum ist. Sie grinst b\u00f6se und starrt auf eine gro\u00dfe Fliege in ihrer Hand.\\nPencil drawing of a fantasy character which is a mixture of a young woman and a tree. She grins nastily and stares at a large fly in her hand.\",\"caption\":\"\\u0022Ent-In\\u0022 - Bleistift auf Papier 15x15cm\",\"mime\":\"image\/jpeg\",\"type\":\"image\",\"width\":1400,\"height\":1015,\"sizes\":{\"thumbnail\":{\"height\":150,\"width\":150,\"url\":\"https:\/\/sommerlich.art\/wp-content\/uploads\/240806-01_v2_web-150x150.jpg\",\"orientation\":\"landscape\"},\"medium\":{\"height\":218,\"width\":300,\"url\":\"https:\/\/sommerlich.art\/wp-content\/uploads\/240806-01_v2_web-300x218.jpg\",\"orientation\":\"landscape\"},\"large\":{\"height\":742,\"width\":1024,\"url\":\"https:\/\/sommerlich.art\/wp-content\/uploads\/240806-01_v2_web-1024x742.jpg\",\"orientation\":\"landscape\"},\"full\":{\"url\":\"https:\/\/sommerlich.art\/wp-content\/uploads\/240806-01_v2_web.jpg\",\"height\":1015,\"width\":1400,\"orientation\":\"landscape\"}},\"imageMeta\":{\"aperture\":\"0\",\"credit\":\"Andreas Sommer\",\"camera\":\"\",\"caption\":\"\",\"created_timestamp\":\"0\",\"copyright\":\"Andreas Sommer\",\"focal_length\":\"0\",\"iso\":\"0\",\"shutter_speed\":\"0\",\"title\":\"\",\"orientation\":\"1\",\"keywords\":[]},\"meta\":false,\"postlink\":\"https:\/\/sommerlich.art\/ent-in\/240806-01_v2_web\/\"},{\"id\":3987,\"title\":\"\\u0022Wei\u00dfe Rose\\u0022\",\"url\":\"https:\/\/sommerlich.art\/wp-content\/uploads\/WhiteRose_AndreasSommer.jpg\",\"link\":\"https:\/\/sommerlich.art\/weisse-rose-oel-auf-leinwand\/whiterose_andreassommer\/\",\"alt\":\"Realistisches \u00d6lbild einer Wei\u00dfen Rose mit roten \u00e4u\u00dferen Bl\u00fctenbl\u00e4ttern auf dunkelem Hintergrund. Realistic oil painting of a white rose with red outer petals on a dark background.\",\"description\":\"Realistisches \u00d6lbild einer Wei\u00dfen Rose mit roten \u00e4u\u00dferen Bl\u00fctenbl\u00e4ttern auf dunkelem Hintergrund.\\nRealistic oil painting of a white rose with red outer petals on a dark background.\",\"caption\":\"\\u0022Wei\u00dfe Rose\\u0022 - \u00d6l auf Leinwand 20x20 cm\",\"mime\":\"image\/jpeg\",\"type\":\"image\",\"width\":1606,\"height\":1627,\"sizes\":{\"thumbnail\":{\"height\":150,\"width\":150,\"url\":\"https:\/\/sommerlich.art\/wp-content\/uploads\/WhiteRose_AndreasSommer-150x150.jpg\",\"orientation\":\"landscape\"},\"medium\":{\"height\":300,\"width\":296,\"url\":\"https:\/\/sommerlich.art\/wp-content\/uploads\/WhiteRose_AndreasSommer-296x300.jpg\",\"orientation\":\"portrait\"},\"large\":{\"height\":1024,\"width\":1011,\"url\":\"https:\/\/sommerlich.art\/wp-content\/uploads\/WhiteRose_AndreasSommer-1011x1024.jpg\",\"orientation\":\"portrait\"},\"full\":{\"url\":\"https:\/\/sommerlich.art\/wp-content\/uploads\/WhiteRose_AndreasSommer.jpg\",\"height\":1627,\"width\":1606,\"orientation\":\"portrait\"}},\"imageMeta\":{\"aperture\":\"0\",\"credit\":\"Andreas Sommer\",\"camera\":\"\",\"caption\":\"\",\"created_timestamp\":\"0\",\"copyright\":\"Andreas Sommer\",\"focal_length\":\"0\",\"iso\":\"0\",\"shutter_speed\":\"0\",\"title\":\"\",\"orientation\":\"0\",\"keywords\":[]},\"meta\":false,\"postlink\":\"https:\/\/sommerlich.art\/weisse-rose-oel-auf-leinwand\/whiterose_andreassommer\/\"},{\"id\":3937,\"title\":\"Holzmann\",\"url\":\"https:\/\/sommerlich.art\/wp-content\/uploads\/IMG_0429_v4.jpg\",\"link\":\"https:\/\/sommerlich.art\/pgc_simply_gallery\/skizzen\/img_0429_v4\/\",\"alt\":\"Bleistifzeichnung eines Manns mit h\u00f6lzernem Gesicht. Er sieht gequ\u00e4lt und angestrenght nach oben. Er hat einen Busch al Bart und sein Kopf ist gespalten.\",\"description\":\"Bleistifzeichnung eines Manns mit h\u00f6lzernem Gesicht. Er sieht gequ\u00e4lt und angestrenght nach oben. Er hat einen Busch al Bart und sein Kopf ist gespalten.\",\"caption\":\"\",\"mime\":\"image\/jpeg\",\"type\":\"image\",\"width\":1238,\"height\":2200,\"sizes\":{\"thumbnail\":{\"height\":150,\"width\":150,\"url\":\"https:\/\/sommerlich.art\/wp-content\/uploads\/IMG_0429_v4-150x150.jpg\",\"orientation\":\"landscape\"},\"medium\":{\"height\":300,\"width\":169,\"url\":\"https:\/\/sommerlich.art\/wp-content\/uploads\/IMG_0429_v4-169x300.jpg\",\"orientation\":\"portrait\"},\"large\":{\"height\":1024,\"width\":576,\"url\":\"https:\/\/sommerlich.art\/wp-content\/uploads\/IMG_0429_v4-576x1024.jpg\",\"orientation\":\"portrait\"},\"full\":{\"url\":\"https:\/\/sommerlich.art\/wp-content\/uploads\/IMG_0429_v4.jpg\",\"height\":2200,\"width\":1238,\"orientation\":\"portrait\"}},\"imageMeta\":{\"aperture\":\"11\",\"credit\":\"\",\"camera\":\"Canon EOS M200\",\"caption\":\"\",\"created_timestamp\":\"1709988751\",\"copyright\":\"\",\"focal_length\":\"59\",\"iso\":\"100\",\"shutter_speed\":\"0.5\",\"title\":\"\",\"orientation\":\"1\",\"keywords\":[]},\"meta\":false,\"postlink\":\"https:\/\/sommerlich.art\/pgc_simply_gallery\/skizzen\/img_0429_v4\/\"},{\"id\":3909,\"title\":\"Bl\u00e4ttersch\u00e4del\",\"url\":\"https:\/\/sommerlich.art\/wp-content\/uploads\/IMG_0380_v2.jpg\",\"link\":\"https:\/\/sommerlich.art\/pgc_simply_gallery\/portfolio\/img_0380_v2\/\",\"alt\":\"\u00d6lgem\u00e4ldes eines menschlichen Sch\u00e4dels, umrahmt von gr\u00fcnen Bl\u00e4ttern.\",\"description\":\"\u00d6lgem\u00e4ldes eines menschlichen Sch\u00e4dels, umrahmt von gr\u00fcnen Bl\u00e4ttern.\",\"caption\":\"\\u0022Vanitas im Gr\u00fcnen\\u0022 - \u00d6l auf Leinwand 30x40cm\",\"mime\":\"image\/jpeg\",\"type\":\"image\",\"width\":1334,\"height\":2000,\"sizes\":{\"thumbnail\":{\"height\":150,\"width\":150,\"url\":\"https:\/\/sommerlich.art\/wp-content\/uploads\/IMG_0380_v2-150x150.jpg\",\"orientation\":\"landscape\"},\"medium\":{\"height\":300,\"width\":200,\"url\":\"https:\/\/sommerlich.art\/wp-content\/uploads\/IMG_0380_v2-200x300.jpg\",\"orientation\":\"portrait\"},\"large\":{\"height\":1024,\"width\":683,\"url\":\"https:\/\/sommerlich.art\/wp-content\/uploads\/IMG_0380_v2-683x1024.jpg\",\"orientation\":\"portrait\"},\"full\":{\"url\":\"https:\/\/sommerlich.art\/wp-content\/uploads\/IMG_0380_v2.jpg\",\"height\":2000,\"width\":1334,\"orientation\":\"portrait\"}},\"imageMeta\":{\"aperture\":\"0\",\"credit\":\"\",\"camera\":\"\",\"caption\":\"\",\"created_timestamp\":\"0\",\"copyright\":\"\",\"focal_length\":\"0\",\"iso\":\"0\",\"shutter_speed\":\"0\",\"title\":\"\",\"orientation\":\"1\",\"keywords\":[]},\"meta\":false,\"postlink\":\"https:\/\/sommerlich.art\/pgc_simply_gallery\/portfolio\/img_0380_v2\/\"},{\"id\":3751,\"title\":\"R\u00fcckenstudie\",\"url\":\"https:\/\/sommerlich.art\/wp-content\/uploads\/backview.jpg\",\"link\":\"https:\/\/sommerlich.art\/pgc_simply_gallery\/skizzen\/backview\/\",\"alt\":\"Zeichnung eines Laubbaums mit zwei gro\u00dfen \u00c4sten in einem Skizzenbuch.\",\"description\":\"Zeichnung eines Laubbaums mit zwei gro\u00dfen \u00c4sten in einem Skizzenbuch.\",\"caption\":\"\\u0022R\u00fcckenstudie\\u0022\",\"mime\":\"image\/jpeg\",\"type\":\"image\",\"width\":1280,\"height\":859,\"sizes\":{\"thumbnail\":{\"height\":150,\"width\":150,\"url\":\"https:\/\/sommerlich.art\/wp-content\/uploads\/backview-150x150.jpg\",\"orientation\":\"landscape\"},\"medium\":{\"height\":201,\"width\":300,\"url\":\"https:\/\/sommerlich.art\/wp-content\/uploads\/backview-300x201.jpg\",\"orientation\":\"landscape\"},\"large\":{\"height\":687,\"width\":1024,\"url\":\"https:\/\/sommerlich.art\/wp-content\/uploads\/backview-1024x687.jpg\",\"orientation\":\"landscape\"},\"full\":{\"url\":\"https:\/\/sommerlich.art\/wp-content\/uploads\/backview.jpg\",\"height\":859,\"width\":1280,\"orientation\":\"landscape\"}},\"imageMeta\":{\"aperture\":\"0\",\"credit\":\"Andreas Sommer\",\"camera\":\"\",\"caption\":\"\",\"created_timestamp\":\"0\",\"copyright\":\"Andreas Sommer, 2023\",\"focal_length\":\"0\",\"iso\":\"0\",\"shutter_speed\":\"0\",\"title\":\"\",\"orientation\":\"1\",\"keywords\":[]},\"meta\":false,\"postlink\":\"https:\/\/sommerlich.art\/pgc_simply_gallery\/skizzen\/backview\/\"},{\"id\":3728,\"title\":\"\\u0022Violett\\u0022\",\"url\":\"https:\/\/sommerlich.art\/wp-content\/uploads\/sommerlich.art-web1697300363827_02.jpg\",\"link\":\"https:\/\/sommerlich.art\/sommerlich-art-web1697300363827_02\/\",\"alt\":\"\u00d6lbild einer frei schwebenden, wei\u00df, violetten Bl\u00fchte vor schwarzem Hintergrund.\",\"description\":\"\u00d6lbild einer frei schwebenden, wei\u00df, violetten Bl\u00fchte vor schwarzem Hintergrund.\",\"caption\":\"\\u0022Violett\\u0022 - \u00d6l auf Leinwand 15x20 cm\",\"mime\":\"image\/jpeg\",\"type\":\"image\",\"width\":853,\"height\":1280,\"sizes\":{\"thumbnail\":{\"height\":150,\"width\":150,\"url\":\"https:\/\/sommerlich.art\/wp-content\/uploads\/sommerlich.art-web1697300363827_02-150x150.jpg\",\"orientation\":\"landscape\"},\"medium\":{\"height\":300,\"width\":200,\"url\":\"https:\/\/sommerlich.art\/wp-content\/uploads\/sommerlich.art-web1697300363827_02-200x300.jpg\",\"orientation\":\"portrait\"},\"large\":{\"height\":1024,\"width\":682,\"url\":\"https:\/\/sommerlich.art\/wp-content\/uploads\/sommerlich.art-web1697300363827_02-682x1024.jpg\",\"orientation\":\"portrait\"},\"full\":{\"url\":\"https:\/\/sommerlich.art\/wp-content\/uploads\/sommerlich.art-web1697300363827_02.jpg\",\"height\":1280,\"width\":853,\"orientation\":\"portrait\"}},\"imageMeta\":{\"aperture\":\"0\",\"credit\":\"Andreas Sommer\",\"camera\":\"\",\"caption\":\"\",\"created_timestamp\":\"0\",\"copyright\":\"Andreas Sommer, 2023\",\"focal_length\":\"0\",\"iso\":\"0\",\"shutter_speed\":\"0\",\"title\":\"\",\"orientation\":\"1\",\"keywords\":[]},\"meta\":false,\"postlink\":\"https:\/\/sommerlich.art\/sommerlich-art-web1697300363827_02\/\"},{\"id\":3721,\"title\":\"\\u0022Goldbaum\\u0022 \u00d6l auf Leinwand 30x40cm\",\"url\":\"https:\/\/sommerlich.art\/wp-content\/uploads\/Goldbaum-Andreas-Sommer-1.jpeg\",\"link\":\"https:\/\/sommerlich.art\/oelgemaelde-goldbaum\/goldbaum-andreas-sommer-2\/\",\"alt\":\"\u00d6lgem\u00e4lde eines blattlosen gewundenen Baums aus gold bei Nacht. Er steht auf einem Felsen in mitten eines Flusses.\",\"description\":\"\u00d6lgem\u00e4lde eines blattlosen gewundenen Baums aus gold bei Nacht. Er steht auf einem Felsen in mitten eines Flusses.\",\"caption\":\"\\u0022Goldbaum\\u0022 \u00d6l auf Leinwand 30x40cm\",\"mime\":\"image\/jpeg\",\"type\":\"image\",\"width\":982,\"height\":1280,\"sizes\":{\"thumbnail\":{\"height\":150,\"width\":150,\"url\":\"https:\/\/sommerlich.art\/wp-content\/uploads\/Goldbaum-Andreas-Sommer-1-150x150.jpeg\",\"orientation\":\"landscape\"},\"medium\":{\"height\":300,\"width\":230,\"url\":\"https:\/\/sommerlich.art\/wp-content\/uploads\/Goldbaum-Andreas-Sommer-1-230x300.jpeg\",\"orientation\":\"portrait\"},\"large\":{\"height\":1024,\"width\":786,\"url\":\"https:\/\/sommerlich.art\/wp-content\/uploads\/Goldbaum-Andreas-Sommer-1-786x1024.jpeg\",\"orientation\":\"portrait\"},\"full\":{\"url\":\"https:\/\/sommerlich.art\/wp-content\/uploads\/Goldbaum-Andreas-Sommer-1.jpeg\",\"height\":1280,\"width\":982,\"orientation\":\"portrait\"}},\"imageMeta\":{\"aperture\":\"0\",\"credit\":\"\",\"camera\":\"\",\"caption\":\"\",\"created_timestamp\":\"0\",\"copyright\":\"\",\"focal_length\":\"0\",\"iso\":\"0\",\"shutter_speed\":\"0\",\"title\":\"\",\"orientation\":\"0\",\"keywords\":[\"#mywork\",\"on_website\",\"portfolio\"]},\"meta\":false,\"postlink\":\"https:\/\/sommerlich.art\/oelgemaelde-goldbaum\/goldbaum-andreas-sommer-2\/\"},{\"id\":3650,\"title\":\"\\u0022Bayerischer Elb\\u0022 - \u00d6l auf Leinwand 30x40cm\",\"url\":\"https:\/\/sommerlich.art\/wp-content\/uploads\/sommerlich.art-web1696343594606_01.jpg\",\"link\":\"https:\/\/sommerlich.art\/bayerischer-elb\/sommerlich-art-web1696343594606_01\/\",\"alt\":\"\u00d6lportrait eines alten Mannes mit Pfeife und spitzen Ohren. Das Bild ist angelehnt an Portraits des 19ten Jahrhunderts.\",\"description\":\"\u00d6lportrait eines alten Mannes mit Pfeife und spitzen Ohren. Das Bild ist angelehnt an Portraits des 19ten Jahrhunderts.\",\"caption\":\"\\u0022Bayerischer Elb\\u0022 - \u00d6l auf Leinwand 30x40cm\",\"mime\":\"image\/jpeg\",\"type\":\"image\",\"width\":853,\"height\":1280,\"sizes\":{\"thumbnail\":{\"height\":150,\"width\":150,\"url\":\"https:\/\/sommerlich.art\/wp-content\/uploads\/sommerlich.art-web1696343594606_01-150x150.jpg\",\"orientation\":\"landscape\"},\"medium\":{\"height\":300,\"width\":200,\"url\":\"https:\/\/sommerlich.art\/wp-content\/uploads\/sommerlich.art-web1696343594606_01-200x300.jpg\",\"orientation\":\"portrait\"},\"large\":{\"height\":1024,\"width\":682,\"url\":\"https:\/\/sommerlich.art\/wp-content\/uploads\/sommerlich.art-web1696343594606_01-682x1024.jpg\",\"orientation\":\"portrait\"},\"full\":{\"url\":\"https:\/\/sommerlich.art\/wp-content\/uploads\/sommerlich.art-web1696343594606_01.jpg\",\"height\":1280,\"width\":853,\"orientation\":\"portrait\"}},\"imageMeta\":{\"aperture\":\"0\",\"credit\":\"Andreas Sommer\",\"camera\":\"\",\"caption\":\"\",\"created_timestamp\":\"0\",\"copyright\":\"Andreas Sommer, 2023\",\"focal_length\":\"0\",\"iso\":\"0\",\"shutter_speed\":\"0\",\"title\":\"\",\"orientation\":\"1\",\"keywords\":[]},\"meta\":false,\"postlink\":\"https:\/\/sommerlich.art\/bayerischer-elb\/sommerlich-art-web1696343594606_01\/\"},{\"id\":2083,\"title\":\"Screenshot_2022-11-27_14-05-152_v1\",\"url\":\"https:\/\/sommerlich.art\/wp-content\/uploads\/Screenshot_2022-11-27_14-05-152_v1.jpg\",\"link\":\"https:\/\/sommerlich.art\/pgc_simply_gallery\/skizzen\/screenshot_2022-11-27_14-05-152_v1\/\",\"alt\":\"\",\"description\":\"\",\"caption\":\"\",\"mime\":\"image\/jpeg\",\"type\":\"image\",\"width\":1163,\"height\":1080,\"sizes\":{\"full\":{\"url\":\"https:\/\/sommerlich.art\/wp-content\/uploads\/Screenshot_2022-11-27_14-05-152_v1.jpg\",\"height\":1080,\"width\":1163,\"orientation\":\"landscape\"}},\"imageMeta\":{\"aperture\":\"0\",\"credit\":\"\",\"camera\":\"\",\"caption\":\"\",\"created_timestamp\":\"0\",\"copyright\":\"\",\"focal_length\":\"0\",\"iso\":\"0\",\"shutter_speed\":\"0\",\"title\":\"\",\"orientation\":\"0\",\"keywords\":[]},\"meta\":false,\"postlink\":\"https:\/\/sommerlich.art\/pgc_simply_gallery\/skizzen\/screenshot_2022-11-27_14-05-152_v1\/\"},{\"id\":2080,\"title\":\"\\u0022Gruselhaus\\u0022\",\"url\":\"https:\/\/sommerlich.art\/wp-content\/uploads\/sommerlich.art-web1668963970853_01.jpg\",\"link\":\"https:\/\/sommerlich.art\/pgc_simply_gallery\/portfolio\/sommerlich-art-web1668963970853_01\/\",\"alt\":\"Gouache Bild eines alten turm\u00e4hnlichen Hauses, dass schon etwas verfallen ist auf einer Anh\u00f6he. Gouache painting of an old tower-like house that is already somewhat dilapidated on a hill.\",\"description\":\"Gouache Bild eines alten turm\u00e4hnlichen Hauses, dass schon etwas verfallen ist auf einer Anh\u00f6he.\\n\\nGouache painting of an old tower-like house that is already somewhat dilapidated on a hill.\",\"caption\":\"\\u0022Gruselhaus\\u0022 - Tusche, Gouache - 8x12cm\",\"mime\":\"image\/jpeg\",\"type\":\"image\",\"width\":1080,\"height\":1569,\"sizes\":{\"thumbnail\":{\"height\":150,\"width\":103,\"url\":\"https:\/\/sommerlich.art\/wp-content\/uploads\/sommerlich.art-web1668963970853_01-826x1200.jpg\",\"orientation\":\"portrait\"},\"full\":{\"url\":\"https:\/\/sommerlich.art\/wp-content\/uploads\/sommerlich.art-web1668963970853_01.jpg\",\"height\":1569,\"width\":1080,\"orientation\":\"portrait\"}},\"imageMeta\":{\"aperture\":\"0\",\"credit\":\"Andreas Sommer\",\"camera\":\"\",\"caption\":\"\",\"created_timestamp\":\"0\",\"copyright\":\"Andreas Sommer, 2022\",\"focal_length\":\"0\",\"iso\":\"0\",\"shutter_speed\":\"0\",\"title\":\"\",\"orientation\":\"0\",\"keywords\":[]},\"meta\":false,\"postlink\":\"https:\/\/sommerlich.art\/pgc_simply_gallery\/portfolio\/sommerlich-art-web1668963970853_01\/\"},{\"id\":1995,\"title\":\"\\u0022Camping\\u0022\",\"url\":\"https:\/\/sommerlich.art\/wp-content\/uploads\/inktober2022_28_camping2_Andreas-Sommer_web.jpg\",\"link\":\"https:\/\/sommerlich.art\/pgc_simply_gallery\/portfolio\/inktober2022_28_camping2_andreas-sommer_web\/\",\"alt\":\"Ein gro\u00dfes oranges Zelt dass auf der Wurzel eines riesigen Baumes ist mit mehreren Fenstern und einem kleineren Zelt das im Hintergrund am Baumstamm h\u00e4ngt. A large orange tent that is on the root of a huge tree with several windows and a smaller tent that hangs in the background on the tree trunk.\",\"description\":\"Ein gro\u00dfes oranges Zelt dass auf der Wurzel eines riesigen Baumes ist mit mehreren Fenstern und einem kleineren Zelt das im Hintergrund am Baumstamm h\u00e4ngt.\\n\\nA large orange tent that is on the root of a huge tree with several windows and a smaller tent that hangs in the background on the tree trunk.\",\"caption\":\"\\u0022Camping\\u0022 - Tusche, Gouache - 23x15cm\",\"mime\":\"image\/jpeg\",\"type\":\"image\",\"width\":1644,\"height\":967,\"sizes\":{\"thumbnail\":{\"height\":88,\"width\":150,\"url\":\"https:\/\/sommerlich.art\/wp-content\/uploads\/inktober2022_28_camping2_Andreas-Sommer_web-1200x706.jpg\",\"orientation\":\"landscape\"},\"full\":{\"url\":\"https:\/\/sommerlich.art\/wp-content\/uploads\/inktober2022_28_camping2_Andreas-Sommer_web.jpg\",\"height\":967,\"width\":1644,\"orientation\":\"landscape\"}},\"imageMeta\":{\"aperture\":\"0\",\"credit\":\"Andreas Sommer\",\"camera\":\"\",\"caption\":\"\",\"created_timestamp\":\"0\",\"copyright\":\"Andreas Sommer, 2022\",\"focal_length\":\"0\",\"iso\":\"0\",\"shutter_speed\":\"0\",\"title\":\"\",\"orientation\":\"0\",\"keywords\":[]},\"meta\":false,\"postlink\":\"https:\/\/sommerlich.art\/pgc_simply_gallery\/portfolio\/inktober2022_28_camping2_andreas-sommer_web\/\"},{\"id\":1417,\"title\":\"\\u0022Wei\u00dfbaum\\u0022\",\"url\":\"https:\/\/sommerlich.art\/wp-content\/uploads\/White-Tree_Andreas-Sommer-1.jpg\",\"link\":\"https:\/\/sommerlich.art\/pgc_simply_gallery\/portfolio\/white-tree_andreas-sommer\/\",\"alt\":\"Bild eines Baumes an einer Klippe mit wei\u00dfer Rinde und gr\u00fcner Krone. Picture of a tree with white bark and green leafs at a cliff.\",\"description\":\"Bild eines Baumes an einer Klippe mit wei\u00dfer Rinde und gr\u00fcner Krone.\\nPicture of a tree with white bark and green leafs at a cliff.\",\"caption\":\"\\u0022Wei\u00dfbaum\\u0022 - Tusche, Gouache - 8x12cm\",\"mime\":\"image\/jpeg\",\"type\":\"image\",\"width\":1262,\"height\":1778,\"sizes\":{\"thumbnail\":{\"height\":150,\"width\":107,\"url\":\"https:\/\/sommerlich.art\/wp-content\/uploads\/White-Tree_Andreas-Sommer-1-852x1200.jpg\",\"orientation\":\"portrait\"},\"full\":{\"url\":\"https:\/\/sommerlich.art\/wp-content\/uploads\/White-Tree_Andreas-Sommer-1.jpg\",\"height\":1778,\"width\":1262,\"orientation\":\"portrait\"}},\"imageMeta\":{\"aperture\":\"0\",\"credit\":\"Andreas Sommer\",\"camera\":\"\",\"caption\":\"\",\"created_timestamp\":\"0\",\"copyright\":\"Andreas Sommer, 2022\",\"focal_length\":\"0\",\"iso\":\"0\",\"shutter_speed\":\"0\",\"title\":\"\",\"orientation\":\"0\",\"keywords\":[]},\"meta\":false,\"postlink\":\"https:\/\/sommerlich.art\/pgc_simply_gallery\/portfolio\/white-tree_andreas-sommer\/\"},{\"id\":1378,\"title\":\"\\u0022Jeremias\\u0022\",\"url\":\"https:\/\/sommerlich.art\/wp-content\/uploads\/Jeremiah_Andreas_Sommer_web.jpg\",\"link\":\"https:\/\/sommerlich.art\/jeremiah_andreas_sommer_web\/\",\"alt\":\"Digitale Nachzeichung des \\u0026quot;Jeremia\\u0026quot; von Rembrandt. Digital drawing of the \\u0026quot;Jeremiah\\u0026quot; from Rembrandt.\",\"description\":\"Digitale Nachzeichung des \\u0022Jeremia\\u0022 von Rembrandt.\\n\\nDigital drawing of the \\u0022Jeremiah\\u0022 from Rembrandt.\",\"caption\":\"\\u0022Jeremias\\u0022 - Digital\",\"mime\":\"image\/jpeg\",\"type\":\"image\",\"width\":2500,\"height\":2398,\"sizes\":{\"thumbnail\":{\"height\":144,\"width\":150,\"url\":\"https:\/\/sommerlich.art\/wp-content\/uploads\/Jeremiah_Andreas_Sommer_web-1200x1151.jpg\",\"orientation\":\"landscape\"},\"medium\":{\"height\":1727,\"width\":1800,\"url\":\"https:\/\/sommerlich.art\/wp-content\/uploads\/Jeremiah_Andreas_Sommer_web-1800x1727.jpg\",\"orientation\":\"landscape\"},\"full\":{\"url\":\"https:\/\/sommerlich.art\/wp-content\/uploads\/Jeremiah_Andreas_Sommer_web.jpg\",\"height\":2398,\"width\":2500,\"orientation\":\"landscape\"}},\"imageMeta\":{\"aperture\":\"0\",\"credit\":\"Andreas Sommer\",\"camera\":\"\",\"caption\":\"\",\"created_timestamp\":\"0\",\"copyright\":\"Andreas Sommer, 2021\",\"focal_length\":\"0\",\"iso\":\"0\",\"shutter_speed\":\"0\",\"title\":\"\",\"orientation\":\"0\",\"keywords\":[]},\"meta\":false,\"postlink\":\"https:\/\/sommerlich.art\/jeremiah_andreas_sommer_web\/\"},{\"id\":1368,\"title\":\"\\u0022Drachenreiter\\u0022\",\"url\":\"https:\/\/sommerlich.art\/wp-content\/uploads\/Dragon-Rider_Andreas_Sommer_web.jpg\",\"link\":\"https:\/\/sommerlich.art\/dragon-rider_andreas_sommer_web\/\",\"alt\":\"Digitale Kohlezeichnung einer jungen Frau auf einem Drachen. Der Drache wir gerade von einem Raben ge\u00e4rgert und die Frau muss auf passen nicht herunterzufallen. Digital charcoal sketch of a young woman who is riding a dragon. The dragon is annoyed by a raven, which makes it hard for the woman to keep balance.\",\"description\":\"Digitale Kohlezeichnung einer jungen Frau auf einem Drachen. Der Drache wir gerade von einem Raben ge\u00e4rgert und die Frau muss auf passen nicht herunterzufallen.\\n\\nDigital charcoal sketch of a young woman who is riding a dragon. The dragon is annoyed by a raven, which makes it hard for the woman to keep balance. \",\"caption\":\"\\u0022Drachenreiter\\u0022 - Digital\",\"mime\":\"image\/jpeg\",\"type\":\"image\",\"width\":2500,\"height\":1000,\"sizes\":{\"thumbnail\":{\"height\":60,\"width\":150,\"url\":\"https:\/\/sommerlich.art\/wp-content\/uploads\/Dragon-Rider_Andreas_Sommer_web-1200x480.jpg\",\"orientation\":\"landscape\"},\"medium\":{\"height\":720,\"width\":1800,\"url\":\"https:\/\/sommerlich.art\/wp-content\/uploads\/Dragon-Rider_Andreas_Sommer_web-1800x720.jpg\",\"orientation\":\"landscape\"},\"full\":{\"url\":\"https:\/\/sommerlich.art\/wp-content\/uploads\/Dragon-Rider_Andreas_Sommer_web.jpg\",\"height\":1000,\"width\":2500,\"orientation\":\"landscape\"}},\"imageMeta\":{\"aperture\":\"0\",\"credit\":\"Andreas Sommer\",\"camera\":\"\",\"caption\":\"\",\"created_timestamp\":\"0\",\"copyright\":\"Andreas Sommer, 2021\",\"focal_length\":\"0\",\"iso\":\"0\",\"shutter_speed\":\"0\",\"title\":\"\",\"orientation\":\"0\",\"keywords\":[]},\"meta\":false,\"postlink\":\"https:\/\/sommerlich.art\/dragon-rider_andreas_sommer_web\/\"}],\"itemsMetaDataCollection\":[{\"link\":\"https:\/\/www.instagram.com\/reel\/C1XN1knhUB0\/?utm_source=ig_web_copy_link\\u0026igsh=MzRlODBiNWFlZA==\",\"linkTarget\":\"_self\",\"linkText\":\"instagram\",\"tags\":[\"Portrait\",\"Medium: \u00d6l\"],\"id\":3935},{\"link\":\"https:\/\/sommerlich.art\/king-ludwig-the-last\/\",\"linkTarget\":\"_self\",\"linkText\":\"mehr\",\"tags\":[\"Fantasy\",\"Landschaft\",\"Medium: \u00d6l\",\"Tiere\",\"Portrait\"],\"id\":4661,\"orignLinkText\":\"mehr\"},{\"link\":\"https:\/\/sommerlich.art\/himmelfahrt\/\",\"linkTarget\":\"_self\",\"linkText\":\"mehr\",\"tags\":[\"Tiere\",\"Fantasy\",\"Medium: \u00d6l\"],\"id\":4475,\"orignLinkText\":\"mehr\"},{\"link\":\"https:\/\/sommerlich.art\/weisse-rose-oel-auf-leinwand\/\",\"linkTarget\":\"_self\",\"linkText\":\"mehr\",\"tags\":[\"Stillleben\",\"Medium: \u00d6l\"],\"id\":3987,\"orignLinkText\":\"mehr\"},{\"link\":\"\",\"linkTarget\":\"_self\",\"linkText\":\"Read More\",\"tags\":[\"Portrait\",\"Medium: \u00d6l\",\"Landschaft\",\"Fantasy\"],\"id\":4169,\"orignLinkText\":\"Read More\"},{\"link\":\"\",\"linkTarget\":\"_self\",\"linkText\":\"Read More\",\"tags\":[\"Stillleben\",\"Medium: \u00d6l\"],\"id\":3909,\"orignLinkText\":\"Read More\"},{\"link\":\"https:\/\/sommerlich.art\/bayerischer-elb\/\",\"linkTarget\":\"_self\",\"linkText\":\"mehr\",\"tags\":[\"Portrait\",\"Medium: \u00d6l\"],\"id\":3650,\"orignLinkText\":\"mehr\"},{\"link\":\"https:\/\/sommerlich.art\/oelgemaelde-goldbaum\/\",\"linkTarget\":\"_self\",\"linkText\":\"mehr\",\"tags\":[\"Fantasy\",\"Landschaft\",\"Medium: \u00d6l\"],\"id\":3721,\"orignLinkText\":\"mehr\"},{\"link\":\"https:\/\/sommerlich.art\/violette-blume\/\",\"linkTarget\":\"_self\",\"linkText\":\"mehr\",\"tags\":[\"Medium: \u00d6l\",\"Stillleben\"],\"id\":3728,\"orignLinkText\":\"mehr\"},{\"link\":\"\",\"linkTarget\":\"_self\",\"linkText\":\"Read More\",\"tags\":[\"Fantasy\",\"Landschaft\",\"Medium: Gouache\",\"Medium: Tusche\"],\"id\":1995,\"orignLinkText\":\"Read More\"},{\"link\":\"\",\"linkTarget\":\"_self\",\"linkText\":\"Read More\",\"tags\":[\"Medium: Gouache\",\"Medium: Tusche\",\"Landschaft\"],\"id\":1417,\"orignLinkText\":\"Read More\"},{\"link\":\"https:\/\/sommerlich.art\/tannin\/\",\"linkTarget\":\"_self\",\"linkText\":\"mehr\",\"tags\":[\"Medium: Zeichnung\",\"Tiere\",\"Fantasy\"],\"id\":4584,\"orignLinkText\":\"mehr\"},{\"link\":\"https:\/\/sommerlich.art\/pegasus-konzept-1\/\",\"linkTarget\":\"_self\",\"linkText\":\"mehr\",\"tags\":[\"Medium: Zeichnung\",\"Tiere\",\"Fantasy\"],\"id\":4570,\"orignLinkText\":\"mehr\"},{\"link\":\"https:\/\/sommerlich.art\/neght-gyst\/\",\"linkTarget\":\"_self\",\"linkText\":\"mehr\",\"tags\":[\"Tiere\",\"Fantasy\",\"Medium: Zeichnung\"],\"id\":4543,\"orignLinkText\":\"mehr\"},{\"link\":\"https:\/\/sommerlich.art\/schattenwurzel\/\",\"linkTarget\":\"_self\",\"linkText\":\"mehr\",\"tags\":[\"Fantasy\",\"Medium: Zeichnung\"],\"id\":4502,\"orignLinkText\":\"mehr\"},{\"link\":\"https:\/\/sommerlich.art\/mindbreaker\/\",\"linkTarget\":\"_self\",\"linkText\":\"mehr\",\"tags\":[\"Portrait\",\"Medium: Zeichnung\",\"Fantasy\"],\"id\":4210,\"orignLinkText\":\"mehr\"},{\"link\":\"https:\/\/sommerlich.art\/luftjagerin\/\",\"linkTarget\":\"_self\",\"linkText\":\"mehr\",\"tags\":[\"Tiere\",\"Fantasy\",\"Medium: Zeichnung\"],\"id\":4198,\"orignLinkText\":\"mehr\"},{\"link\":\"https:\/\/sommerlich.art\/blossom-of-bones\/\",\"linkTarget\":\"_self\",\"linkText\":\"mehr\",\"tags\":[\"Fantasy\",\"Medium: Zeichnung\"],\"id\":4151,\"orignLinkText\":\"mehr\"},{\"link\":\"https:\/\/sommerlich.art\/damonenwaechter\/\",\"linkTarget\":\"_self\",\"linkText\":\"mehr\",\"tags\":[\"Fantasy\",\"Medium: Zeichnung\"],\"id\":4142,\"orignLinkText\":\"mehr\"},{\"link\":\"https:\/\/sommerlich.art\/skull-king\/\",\"linkTarget\":\"_self\",\"linkText\":\"mehr\",\"tags\":[\"Medium: Zeichnung\",\"Fantasy\"],\"id\":4127,\"orignLinkText\":\"mehr\"},{\"link\":\"https:\/\/sommerlich.art\/druid\/\",\"linkTarget\":\"_self\",\"linkText\":\"mehr\",\"tags\":[\"Medium: Zeichnung\",\"Fantasy\"],\"id\":4112,\"orignLinkText\":\"mehr\"},{\"link\":\"https:\/\/sommerlich.art\/ent-in\/\",\"linkTarget\":\"_self\",\"linkText\":\"mehr\",\"tags\":[\"Medium: Zeichnung\",\"Fantasy\"],\"id\":4091,\"orignLinkText\":\"mehr\"},{\"link\":\"https:\/\/sommerlich.art\/holzmann\/\",\"linkTarget\":\"_self\",\"linkText\":\"mehr\",\"tags\":[\"Medium: Zeichnung\",\"Fantasy\"],\"id\":3937,\"orignLinkText\":\"mehr\"},{\"link\":\"\",\"linkTarget\":\"_self\",\"linkText\":\"Read More\",\"tags\":[\"Medium: Zeichnung\"],\"id\":3751,\"orignLinkText\":\"Read More\"},{\"link\":\"\",\"linkTarget\":\"_self\",\"linkText\":\"Read More\",\"tags\":[\"Medium: Zeichnung\"],\"id\":2083,\"orignLinkText\":\"Read More\"},{\"link\":\"\",\"linkTarget\":\"_self\",\"linkText\":\"Read More\",\"tags\":[\"traditionelle Medien\",\"Fantasy\",\"Gouache\",\"Landschaft\",\"Medium: Gouache\"],\"id\":2080,\"orignLinkText\":\"Read More\"},{\"link\":\"\",\"linkTarget\":\"_self\",\"linkText\":\"Read More\",\"tags\":[\"Medium: Digital\"],\"id\":1378,\"orignLinkText\":\"Read More\"},{\"link\":\"\",\"linkTarget\":\"_self\",\"linkText\":\"Read More\",\"tags\":[\"Medium: Digital\",\"Fantasy\",\"Tiere\"],\"id\":1368,\"orignLinkText\":\"Read More\"}],\"galleryTagsList\":[\"Fantasy\",\"Gouache\",\"Landschaft\",\"Medium: Digital\",\"Medium: Gouache\",\"Medium: Tusche\",\"Medium: Zeichnung\",\"Medium: \u00d6l\",\"Portrait\",\"Stillleben\",\"Tiere\",\"traditionelle Medien\"],\"galleryTagsListSrc\":{\"portrait\":\"Portrait\",\"medium:_\u00f6l\":\"Medium: \u00d6l\",\"fantasy\":\"Fantasy\",\"landschaft\":\"Landschaft\",\"tiere\":\"Tiere\",\"stillleben\":\"Stillleben\",\"medium:_gouache\":\"Medium: Gouache\",\"medium:_tusche\":\"Medium: Tusche\",\"medium:_zeichnung\":\"Medium: Zeichnung\",\"traditionelle_medien\":\"traditionelle Medien\",\"gouache\":\"Gouache\",\"medium:_digital\":\"Medium: Digital\"},\"orderBy\":\"id\",\"ordrerDirection\":\"-1\",\"tagCloudFontSize\":13,\"sliderItemTitleFontSize\":13,\"sliderSocialShareEnabled\":false,\"sliderFullscreenEnabled\":false,\"TrpContentRestriction\":{\"restriction_type\":\"exclude\",\"selected_languages\":[],\"panel_open\":true}}<\/script><script>(function(){if(window.PGC_SGB && window.PGC_SGB.searcher){window.PGC_SGB.searcher.initBlocks()}})()<\/script><\/div><\/code><\/code><\/h2>\n\n\n\n<div style=\"height:100px\" aria-hidden=\"true\" class=\"wp-block-spacer\"><\/div>\n\n\n\n<hr class=\"wp-block-separator has-alpha-channel-opacity main-sep\"\/>\n\n\n\n<div style=\"height:100px\" aria-hidden=\"true\" class=\"wp-block-spacer\"><\/div>\n\n\n\n<h2 class=\"wp-block-heading\">Auszug aus den Studien<\/h2>\n\n\n\n<p class=\"wp-block-paragraph\"><code><div class=\"pgc-sgb-cb wp-block-pgcsimplygalleryblock-masonry \" data-gallery-id=\"e7f36339\"><div class=\"sgb-preloader\" id=\"pr_e7f36339\">\n\t<div class=\"sgb-square\" style=\"background:#d4d4d4\"><\/div>\n\t<div class=\"sgb-square\" style=\"background:#d4d4d4\"><\/div>\n\t<div class=\"sgb-square\" style=\"background:#d4d4d4\"><\/div>\n\t<div class=\"sgb-square\" style=\"background:#d4d4d4\"><\/div><\/div><div class=\"simply-gallery-amp pgc_sgb_slider \"><noscript><div class=\"sgb-gallery\"><div class=\"sgb-item\"><a href=\"https:\/\/sommerlich.art\/sommerlich-kunst-chiemsee\/img_0536_v1-jpg_v1_web_v1\/\" target=\"_blank\"><img decoding=\"async\" alt=\"\" width=\"300\" height=\"196\" loading=\"lazy\" src=\"https:\/\/sommerlich.art\/wp-content\/uploads\/IMG_0536_v1.JPG_v1_web_v1-300x196.jpg\" srcset=\"https:\/\/sommerlich.art\/wp-content\/uploads\/IMG_0536_v1.JPG_v1_web_v1-300x196.jpg 300w,https:\/\/sommerlich.art\/wp-content\/uploads\/IMG_0536_v1.JPG_v1_web_v1-1024x668.jpg 1024w,https:\/\/sommerlich.art\/wp-content\/uploads\/IMG_0536_v1.JPG_v1_web_v1-scaled.jpg 2560w\" sizes=\"auto, 250px\"\/><\/a><\/div><div class=\"sgb-item\"><a href=\"https:\/\/sommerlich.art\/pink-portrait-oel-auf-leinwand\/pinkportrait_andreas-sommer\/\" target=\"_blank\"><img decoding=\"async\" alt=\"Realistisches.\u00d6lportait einer jungen Frau mit rosafarbenen, wehendem Haar die nach oben blickt mit leicht ge\u00f6ffnetem Mund. Realistic oil portrait of a young woman with pink, flowing hair looking upwards with her mouth slightly open.\" width=\"169\" height=\"300\" loading=\"lazy\" src=\"https:\/\/sommerlich.art\/wp-content\/uploads\/PinkPortrait_Andreas-Sommer-169x300.jpg\" srcset=\"https:\/\/sommerlich.art\/wp-content\/uploads\/PinkPortrait_Andreas-Sommer-169x300.jpg 169w,https:\/\/sommerlich.art\/wp-content\/uploads\/PinkPortrait_Andreas-Sommer-576x1024.jpg 576w,https:\/\/sommerlich.art\/wp-content\/uploads\/PinkPortrait_Andreas-Sommer.jpg 915w\" sizes=\"auto, 250px\"\/><\/a><div class=\"sgb-item-caption\"><em>\"Pink Portrait\" - \u00d6l auf Leinwand 20x30 cm<\/em><\/div><\/div><div class=\"sgb-item\"><a href=\"https:\/\/sommerlich.art\/sommerlich-art-web1697300363827_02\/\" target=\"_blank\"><img decoding=\"async\" alt=\"\u00d6lbild einer frei schwebenden, wei\u00df, violetten Bl\u00fchte vor schwarzem Hintergrund.\" width=\"200\" height=\"300\" loading=\"lazy\" src=\"https:\/\/sommerlich.art\/wp-content\/uploads\/sommerlich.art-web1697300363827_02-200x300.jpg\" srcset=\"https:\/\/sommerlich.art\/wp-content\/uploads\/sommerlich.art-web1697300363827_02-200x300.jpg 200w,https:\/\/sommerlich.art\/wp-content\/uploads\/sommerlich.art-web1697300363827_02-682x1024.jpg 682w,https:\/\/sommerlich.art\/wp-content\/uploads\/sommerlich.art-web1697300363827_02.jpg 853w\" sizes=\"auto, 250px\"\/><\/a><div class=\"sgb-item-caption\"><em>\"Violett\" - \u00d6l auf Leinwand 15x20 cm<\/em><\/div><\/div><div class=\"sgb-item\"><a href=\"https:\/\/sommerlich.art\/sommerlich-kunst-chiemsee\/vertical-bars-text_template_250503-f023829_v3_web\/\" target=\"_blank\"><img decoding=\"async\" alt=\"\" width=\"218\" height=\"300\" loading=\"lazy\" src=\"https:\/\/sommerlich.art\/wp-content\/uploads\/vertical-Bars-Text_template_250503-f023829_v3_web-218x300.jpg\" srcset=\"https:\/\/sommerlich.art\/wp-content\/uploads\/vertical-Bars-Text_template_250503-f023829_v3_web-218x300.jpg 218w,https:\/\/sommerlich.art\/wp-content\/uploads\/vertical-Bars-Text_template_250503-f023829_v3_web-743x1024.jpg 743w,https:\/\/sommerlich.art\/wp-content\/uploads\/vertical-Bars-Text_template_250503-f023829_v3_web.jpg 1080w\" sizes=\"auto, 250px\"\/><\/a><\/div><div class=\"sgb-item\"><a href=\"https:\/\/sommerlich.art\/pgc_simply_gallery\/portfolio\/sommerlich-art-web-full\/\" target=\"_blank\"><img decoding=\"async\" alt=\"Kleines \u00d6lgem\u00e4lde eines gelb-orangen Goldfisches in karibisch blauem Wasser. Er hat eine sehr gro\u00dfe, flatternde Schwanzflosse und einen hochgezogenen Mund. Small oil painting of a yellow orange goldfish in Caribbean blue water. He has a very large fluttering tail fin and a raised mouth.\" width=\"1280\" height=\"945\" loading=\"lazy\" src=\"https:\/\/sommerlich.art\/wp-content\/uploads\/sommerlich.art-web-full.jpg\" srcset=\",https:\/\/sommerlich.art\/wp-content\/uploads\/sommerlich.art-web-full.jpg 1280w\" sizes=\"auto, 250px\"\/><\/a><div class=\"sgb-item-caption\"><em>\"Goldie\" - \u00d6l auf Leinwand 12x12cm<\/em><\/div><\/div><div class=\"sgb-item\"><a href=\"https:\/\/sommerlich.art\/pgc_simply_gallery\/portfolio\/sommerlich-art-web1668963970853_01\/\" target=\"_blank\"><img decoding=\"async\" alt=\"Gouache Bild eines alten turm\u00e4hnlichen Hauses, dass schon etwas verfallen ist auf einer Anh\u00f6he. Gouache painting of an old tower-like house that is already somewhat dilapidated on a hill.\" width=\"1080\" height=\"1569\" loading=\"lazy\" src=\"https:\/\/sommerlich.art\/wp-content\/uploads\/sommerlich.art-web1668963970853_01.jpg\" srcset=\",https:\/\/sommerlich.art\/wp-content\/uploads\/sommerlich.art-web1668963970853_01.jpg 1080w\" sizes=\"auto, 250px\"\/><\/a><div class=\"sgb-item-caption\"><em>\"Gruselhaus\" - Tusche, Gouache - 8x12cm<\/em><\/div><\/div><div class=\"sgb-item\"><a href=\"https:\/\/sommerlich.art\/pgc_simply_gallery\/portfolio\/joker-web\/\" target=\"_blank\"><img decoding=\"async\" alt=\"\u00d6lportrait eines Mannes mit fr\u00f6hlich aber gezungen aussehendem L\u00e4cheln.\" width=\"283\" height=\"300\" loading=\"lazy\" src=\"https:\/\/sommerlich.art\/wp-content\/uploads\/joker-web-283x300.jpg\" srcset=\"https:\/\/sommerlich.art\/wp-content\/uploads\/joker-web-283x300.jpg 283w,https:\/\/sommerlich.art\/wp-content\/uploads\/joker-web-967x1024.jpg 967w,https:\/\/sommerlich.art\/wp-content\/uploads\/joker-web.jpg 1417w\" sizes=\"auto, 250px\"\/><\/a><div class=\"sgb-item-caption\"><em>\"Joker\" - \u00d6l auf Leinwand 14x14cm<\/em><\/div><\/div><div class=\"sgb-item\"><a href=\"https:\/\/sommerlich.art\/hippogryph\/sommerlich-art-web946681346000_01-2\/\" target=\"_blank\"><img decoding=\"async\" alt=\"\u00d6lgem\u00e4lde eines braunen Pferdes mit einem Vogelkopf und einem Feuerschwanz. Oil painting of a brown horse with a bird head and a fire tail.\" width=\"300\" height=\"274\" loading=\"lazy\" src=\"https:\/\/sommerlich.art\/wp-content\/uploads\/2023\/05\/sommerlich.art-web946681346000_01-1-300x274.jpg\" srcset=\"https:\/\/sommerlich.art\/wp-content\/uploads\/2023\/05\/sommerlich.art-web946681346000_01-1-300x274.jpg 300w,https:\/\/sommerlich.art\/wp-content\/uploads\/2023\/05\/sommerlich.art-web946681346000_01-1-1024x936.jpg 1024w,https:\/\/sommerlich.art\/wp-content\/uploads\/2023\/05\/sommerlich.art-web946681346000_01-1-e1685557426519.jpg 300w\" sizes=\"auto, 250px\"\/><\/a><div class=\"sgb-item-caption\"><em>\"\"Hippogryph\" - \u00d6l auf Leinwand 8x8 cm<\/em><\/div><\/div><div class=\"sgb-item\"><a href=\"https:\/\/sommerlich.art\/pgc_simply_gallery\/portfolio\/sommerlich-art-web1673781551751_01\/\" target=\"_blank\"><img decoding=\"async\" alt=\"Gem\u00e4lde eines Baums mit orangefarbenen Bl\u00e4ttern in st\u00fcrmischer See. Painting of tree with orange leaves in stormy sea.\" width=\"1280\" height=\"908\" loading=\"lazy\" src=\"https:\/\/sommerlich.art\/wp-content\/uploads\/sommerlich.art-web1673781551751_01.jpg\" srcset=\",https:\/\/sommerlich.art\/wp-content\/uploads\/sommerlich.art-web1673781551751_01.jpg 1280w\" sizes=\"auto, 250px\"\/><\/a><div class=\"sgb-item-caption\"><em>\"Herbst in der Flut\" - \u00d6l auf Leinwand 11x11 cm<\/em><\/div><\/div><\/div><\/noscript><\/div><script type=\"application\/json\" class=\"sgb-data\">{\"collectionThumbRecomendedWidth\":250,\"thumbSpacing\":14,\"externalLinkTextColor\":\"rgba(153,80,80,1)\",\"externalLinkBgColor\":\"rgba(255,255,255,0.68)\",\"captionHAlign\":\"bottom\",\"collectionthumbHoverTitleFontSize\":10,\"collectionthumbRoundedCorners\":1,\"collectionthumbHoverTitleTextColor\":\"rgba(247,247,247,1)\",\"collectionthumbHoverTitleTextBgColor\":\"rgba(0,0,0,0.22)\",\"collectionThumbSubMenuDownload\":false,\"collectionThumbSubMenuShare\":false,\"galleryType\":\"pgc_sgb_masonry\",\"galleryId\":\"e7f36339\",\"images\":[{\"id\":4287,\"title\":\"Portrait Study\",\"url\":\"https:\/\/sommerlich.art\/wp-content\/uploads\/IMG_0536_v1.JPG_v1_web_v1-scaled.jpg\",\"link\":\"https:\/\/sommerlich.art\/sommerlich-kunst-chiemsee\/img_0536_v1-jpg_v1_web_v1\/\",\"alt\":\"\",\"description\":\"\",\"caption\":\"\",\"mime\":\"image\/jpeg\",\"type\":\"image\",\"width\":2560,\"height\":1670,\"sizes\":{\"thumbnail\":{\"height\":150,\"width\":150,\"url\":\"https:\/\/sommerlich.art\/wp-content\/uploads\/IMG_0536_v1.JPG_v1_web_v1-150x150.jpg\",\"orientation\":\"landscape\"},\"medium\":{\"height\":196,\"width\":300,\"url\":\"https:\/\/sommerlich.art\/wp-content\/uploads\/IMG_0536_v1.JPG_v1_web_v1-300x196.jpg\",\"orientation\":\"landscape\"},\"large\":{\"height\":668,\"width\":1024,\"url\":\"https:\/\/sommerlich.art\/wp-content\/uploads\/IMG_0536_v1.JPG_v1_web_v1-1024x668.jpg\",\"orientation\":\"landscape\"},\"full\":{\"url\":\"https:\/\/sommerlich.art\/wp-content\/uploads\/IMG_0536_v1.JPG_v1_web_v1-scaled.jpg\",\"height\":1670,\"width\":2560,\"orientation\":\"landscape\"}},\"imageMeta\":{\"aperture\":\"11\",\"credit\":\"Andreas Sommer\",\"camera\":\"Canon EOS M200\",\"caption\":\"\",\"created_timestamp\":\"1738358563\",\"copyright\":\"Andreas Sommer\",\"focal_length\":\"200\",\"iso\":\"100\",\"shutter_speed\":\"0.4\",\"title\":\"\",\"orientation\":\"1\",\"keywords\":[]},\"meta\":false,\"postlink\":\"https:\/\/sommerlich.art\/sommerlich-kunst-chiemsee\/img_0536_v1-jpg_v1_web_v1\/\"},{\"id\":3974,\"title\":\"Pink Portrait\",\"url\":\"https:\/\/sommerlich.art\/wp-content\/uploads\/PinkPortrait_Andreas-Sommer.jpg\",\"link\":\"https:\/\/sommerlich.art\/pink-portrait-oel-auf-leinwand\/pinkportrait_andreas-sommer\/\",\"alt\":\"Realistisches.\u00d6lportait einer jungen Frau mit rosafarbenen, wehendem Haar die nach oben blickt mit leicht ge\u00f6ffnetem Mund. Realistic oil portrait of a young woman with pink, flowing hair looking upwards with her mouth slightly open.\",\"description\":\"Realistisches.\u00d6lportait einer jungen Frau mit rosafarbenen, wehendem Haar die nach oben blickt mit leicht ge\u00f6ffnetem Mund.\\nRealistic oil portrait of a young woman with pink, flowing hair looking upwards with her mouth slightly open.\",\"caption\":\"\\u0022Pink Portrait\\u0022 - \u00d6l auf Leinwand 20x30 cm\",\"mime\":\"image\/jpeg\",\"type\":\"image\",\"width\":915,\"height\":1627,\"sizes\":{\"thumbnail\":{\"height\":150,\"width\":150,\"url\":\"https:\/\/sommerlich.art\/wp-content\/uploads\/PinkPortrait_Andreas-Sommer-150x150.jpg\",\"orientation\":\"landscape\"},\"medium\":{\"height\":300,\"width\":169,\"url\":\"https:\/\/sommerlich.art\/wp-content\/uploads\/PinkPortrait_Andreas-Sommer-169x300.jpg\",\"orientation\":\"portrait\"},\"large\":{\"height\":1024,\"width\":576,\"url\":\"https:\/\/sommerlich.art\/wp-content\/uploads\/PinkPortrait_Andreas-Sommer-576x1024.jpg\",\"orientation\":\"portrait\"},\"full\":{\"url\":\"https:\/\/sommerlich.art\/wp-content\/uploads\/PinkPortrait_Andreas-Sommer.jpg\",\"height\":1627,\"width\":915,\"orientation\":\"portrait\"}},\"imageMeta\":{\"aperture\":\"0\",\"credit\":\"Andreas Sommer\",\"camera\":\"\",\"caption\":\"\",\"created_timestamp\":\"0\",\"copyright\":\"Andreas Sommer\",\"focal_length\":\"0\",\"iso\":\"0\",\"shutter_speed\":\"0\",\"title\":\"\",\"orientation\":\"1\",\"keywords\":[]},\"meta\":false,\"postlink\":\"https:\/\/sommerlich.art\/pink-portrait-oel-auf-leinwand\/pinkportrait_andreas-sommer\/\"},{\"id\":3728,\"title\":\"\\u0022Violett\\u0022\",\"url\":\"https:\/\/sommerlich.art\/wp-content\/uploads\/sommerlich.art-web1697300363827_02.jpg\",\"link\":\"https:\/\/sommerlich.art\/sommerlich-art-web1697300363827_02\/\",\"alt\":\"\u00d6lbild einer frei schwebenden, wei\u00df, violetten Bl\u00fchte vor schwarzem Hintergrund.\",\"description\":\"\u00d6lbild einer frei schwebenden, wei\u00df, violetten Bl\u00fchte vor schwarzem Hintergrund.\",\"caption\":\"\\u0022Violett\\u0022 - \u00d6l auf Leinwand 15x20 cm\",\"mime\":\"image\/jpeg\",\"type\":\"image\",\"width\":853,\"height\":1280,\"sizes\":{\"thumbnail\":{\"height\":150,\"width\":150,\"url\":\"https:\/\/sommerlich.art\/wp-content\/uploads\/sommerlich.art-web1697300363827_02-150x150.jpg\",\"orientation\":\"landscape\"},\"medium\":{\"height\":300,\"width\":200,\"url\":\"https:\/\/sommerlich.art\/wp-content\/uploads\/sommerlich.art-web1697300363827_02-200x300.jpg\",\"orientation\":\"portrait\"},\"large\":{\"height\":1024,\"width\":682,\"url\":\"https:\/\/sommerlich.art\/wp-content\/uploads\/sommerlich.art-web1697300363827_02-682x1024.jpg\",\"orientation\":\"portrait\"},\"full\":{\"url\":\"https:\/\/sommerlich.art\/wp-content\/uploads\/sommerlich.art-web1697300363827_02.jpg\",\"height\":1280,\"width\":853,\"orientation\":\"portrait\"}},\"imageMeta\":{\"aperture\":\"0\",\"credit\":\"Andreas Sommer\",\"camera\":\"\",\"caption\":\"\",\"created_timestamp\":\"0\",\"copyright\":\"Andreas Sommer, 2023\",\"focal_length\":\"0\",\"iso\":\"0\",\"shutter_speed\":\"0\",\"title\":\"\",\"orientation\":\"1\",\"keywords\":[]},\"meta\":false,\"postlink\":\"https:\/\/sommerlich.art\/sommerlich-art-web1697300363827_02\/\"},{\"id\":4621,\"title\":\"Portrait\u00fcbung\",\"url\":\"https:\/\/sommerlich.art\/wp-content\/uploads\/vertical-Bars-Text_template_250503-f023829_v3_web.jpg\",\"link\":\"https:\/\/sommerlich.art\/sommerlich-kunst-chiemsee\/vertical-bars-text_template_250503-f023829_v3_web\/\",\"alt\":\"\",\"description\":\"\",\"caption\":\"\",\"mime\":\"image\/jpeg\",\"type\":\"image\",\"width\":1080,\"height\":1489,\"sizes\":{\"thumbnail\":{\"height\":150,\"width\":150,\"url\":\"https:\/\/sommerlich.art\/wp-content\/uploads\/vertical-Bars-Text_template_250503-f023829_v3_web-150x150.jpg\",\"orientation\":\"landscape\"},\"medium\":{\"height\":300,\"width\":218,\"url\":\"https:\/\/sommerlich.art\/wp-content\/uploads\/vertical-Bars-Text_template_250503-f023829_v3_web-218x300.jpg\",\"orientation\":\"portrait\"},\"large\":{\"height\":1024,\"width\":743,\"url\":\"https:\/\/sommerlich.art\/wp-content\/uploads\/vertical-Bars-Text_template_250503-f023829_v3_web-743x1024.jpg\",\"orientation\":\"portrait\"},\"full\":{\"url\":\"https:\/\/sommerlich.art\/wp-content\/uploads\/vertical-Bars-Text_template_250503-f023829_v3_web.jpg\",\"height\":1489,\"width\":1080,\"orientation\":\"portrait\"}},\"imageMeta\":{\"aperture\":\"0\",\"credit\":\"Andreas Sommer\",\"camera\":\"\",\"caption\":\"\",\"created_timestamp\":\"0\",\"copyright\":\"Andreas Sommer\",\"focal_length\":\"0\",\"iso\":\"0\",\"shutter_speed\":\"0\",\"title\":\"\",\"orientation\":\"0\",\"keywords\":[]},\"meta\":false,\"postlink\":\"https:\/\/sommerlich.art\/sommerlich-kunst-chiemsee\/vertical-bars-text_template_250503-f023829_v3_web\/\"},{\"id\":2430,\"title\":\"sommerlich.art-web-full\",\"url\":\"https:\/\/sommerlich.art\/wp-content\/uploads\/sommerlich.art-web-full.jpg\",\"link\":\"https:\/\/sommerlich.art\/pgc_simply_gallery\/portfolio\/sommerlich-art-web-full\/\",\"alt\":\"Kleines \u00d6lgem\u00e4lde eines gelb-orangen Goldfisches in karibisch blauem Wasser. Er hat eine sehr gro\u00dfe, flatternde Schwanzflosse und einen hochgezogenen Mund. Small oil painting of a yellow orange goldfish in Caribbean blue water. He has a very large fluttering tail fin and a raised mouth.\",\"description\":\"Kleines \u00d6lgem\u00e4lde eines gelb-orangen Goldfisches in karibisch blauem Wasser. Er hat eine sehr gro\u00dfe, flatternde Schwanzflosse und einen hochgezogenen Mund.\\n\\nSmall oil painting of a yellow orange goldfish in Caribbean blue water. He has a very large fluttering tail fin and a raised mouth.\",\"caption\":\"\\u0022Goldie\\u0022 - \u00d6l auf Leinwand 12x12cm\",\"mime\":\"image\/jpeg\",\"type\":\"image\",\"width\":1280,\"height\":945,\"sizes\":{\"thumbnail\":{\"height\":111,\"width\":150,\"url\":\"https:\/\/sommerlich.art\/wp-content\/uploads\/sommerlich.art-web-full-1200x886.jpg\",\"orientation\":\"landscape\"},\"full\":{\"url\":\"https:\/\/sommerlich.art\/wp-content\/uploads\/sommerlich.art-web-full.jpg\",\"height\":945,\"width\":1280,\"orientation\":\"landscape\"}},\"imageMeta\":{\"aperture\":\"0\",\"credit\":\"Andreas Sommer\",\"camera\":\"\",\"caption\":\"\",\"created_timestamp\":\"0\",\"copyright\":\"Andreas Sommer, 2023\",\"focal_length\":\"0\",\"iso\":\"0\",\"shutter_speed\":\"0\",\"title\":\"\",\"orientation\":\"0\",\"keywords\":[]},\"meta\":false,\"postlink\":\"https:\/\/sommerlich.art\/pgc_simply_gallery\/portfolio\/sommerlich-art-web-full\/\"},{\"id\":2080,\"title\":\"\\u0022Gruselhaus\\u0022\",\"url\":\"https:\/\/sommerlich.art\/wp-content\/uploads\/sommerlich.art-web1668963970853_01.jpg\",\"link\":\"https:\/\/sommerlich.art\/pgc_simply_gallery\/portfolio\/sommerlich-art-web1668963970853_01\/\",\"alt\":\"Gouache Bild eines alten turm\u00e4hnlichen Hauses, dass schon etwas verfallen ist auf einer Anh\u00f6he. Gouache painting of an old tower-like house that is already somewhat dilapidated on a hill.\",\"description\":\"Gouache Bild eines alten turm\u00e4hnlichen Hauses, dass schon etwas verfallen ist auf einer Anh\u00f6he.\\n\\nGouache painting of an old tower-like house that is already somewhat dilapidated on a hill.\",\"caption\":\"\\u0022Gruselhaus\\u0022 - Tusche, Gouache - 8x12cm\",\"mime\":\"image\/jpeg\",\"type\":\"image\",\"width\":1080,\"height\":1569,\"sizes\":{\"thumbnail\":{\"height\":150,\"width\":103,\"url\":\"https:\/\/sommerlich.art\/wp-content\/uploads\/sommerlich.art-web1668963970853_01-826x1200.jpg\",\"orientation\":\"portrait\"},\"full\":{\"url\":\"https:\/\/sommerlich.art\/wp-content\/uploads\/sommerlich.art-web1668963970853_01.jpg\",\"height\":1569,\"width\":1080,\"orientation\":\"portrait\"}},\"imageMeta\":{\"aperture\":\"0\",\"credit\":\"Andreas Sommer\",\"camera\":\"\",\"caption\":\"\",\"created_timestamp\":\"0\",\"copyright\":\"Andreas Sommer, 2022\",\"focal_length\":\"0\",\"iso\":\"0\",\"shutter_speed\":\"0\",\"title\":\"\",\"orientation\":\"0\",\"keywords\":[]},\"meta\":false,\"postlink\":\"https:\/\/sommerlich.art\/pgc_simply_gallery\/portfolio\/sommerlich-art-web1668963970853_01\/\"},{\"id\":3935,\"title\":\"Joker\",\"url\":\"https:\/\/sommerlich.art\/wp-content\/uploads\/joker-web.jpg\",\"link\":\"https:\/\/sommerlich.art\/pgc_simply_gallery\/portfolio\/joker-web\/\",\"alt\":\"\u00d6lportrait eines Mannes mit fr\u00f6hlich aber gezungen aussehendem L\u00e4cheln.\",\"description\":\"\u00d6lportrait eines Mannes mit fr\u00f6hlich aber gezungen aussehendem L\u00e4cheln.\",\"caption\":\"\\u0022Joker\\u0022 - \u00d6l auf Leinwand 14x14cm\",\"mime\":\"image\/jpeg\",\"type\":\"image\",\"width\":1417,\"height\":1500,\"sizes\":{\"thumbnail\":{\"height\":150,\"width\":150,\"url\":\"https:\/\/sommerlich.art\/wp-content\/uploads\/joker-web-150x150.jpg\",\"orientation\":\"landscape\"},\"medium\":{\"height\":300,\"width\":283,\"url\":\"https:\/\/sommerlich.art\/wp-content\/uploads\/joker-web-283x300.jpg\",\"orientation\":\"portrait\"},\"large\":{\"height\":1024,\"width\":967,\"url\":\"https:\/\/sommerlich.art\/wp-content\/uploads\/joker-web-967x1024.jpg\",\"orientation\":\"portrait\"},\"full\":{\"url\":\"https:\/\/sommerlich.art\/wp-content\/uploads\/joker-web.jpg\",\"height\":1500,\"width\":1417,\"orientation\":\"portrait\"}},\"imageMeta\":{\"aperture\":\"0\",\"credit\":\"Andreas Sommer\",\"camera\":\"\",\"caption\":\"\",\"created_timestamp\":\"0\",\"copyright\":\"Andreas Sommer\",\"focal_length\":\"0\",\"iso\":\"0\",\"shutter_speed\":\"0\",\"title\":\"\",\"orientation\":\"0\",\"keywords\":[]},\"meta\":false,\"postlink\":\"https:\/\/sommerlich.art\/pgc_simply_gallery\/portfolio\/joker-web\/\"},{\"id\":2771,\"title\":\"\\u0022\\u0022Hippogryph\\u0022\",\"url\":\"https:\/\/sommerlich.art\/wp-content\/uploads\/2023\/05\/sommerlich.art-web946681346000_01-1-e1685557426519.jpg\",\"link\":\"https:\/\/sommerlich.art\/hippogryph\/sommerlich-art-web946681346000_01-2\/\",\"alt\":\"\u00d6lgem\u00e4lde eines braunen Pferdes mit einem Vogelkopf und einem Feuerschwanz. Oil painting of a brown horse with a bird head and a fire tail.\",\"description\":\"\u00d6lgem\u00e4lde eines braunen Pferdes mit einem Vogelkopf und einem Feuerschwanz.\\nOil painting of a brown horse with a bird head and a fire tail.\\n\",\"caption\":\"\\u0022\\u0022Hippogryph\\u0022 - \u00d6l auf Leinwand 8x8 cm\",\"mime\":\"image\/jpeg\",\"type\":\"image\",\"width\":300,\"height\":274,\"sizes\":{\"thumbnail\":{\"height\":150,\"width\":150,\"url\":\"https:\/\/sommerlich.art\/wp-content\/uploads\/2023\/05\/sommerlich.art-web946681346000_01-1-e1685557426519-150x150.jpg\",\"orientation\":\"landscape\"},\"medium\":{\"height\":274,\"width\":300,\"url\":\"https:\/\/sommerlich.art\/wp-content\/uploads\/2023\/05\/sommerlich.art-web946681346000_01-1-300x274.jpg\",\"orientation\":\"landscape\"},\"large\":{\"height\":936,\"width\":1024,\"url\":\"https:\/\/sommerlich.art\/wp-content\/uploads\/2023\/05\/sommerlich.art-web946681346000_01-1-1024x936.jpg\",\"orientation\":\"landscape\"},\"full\":{\"url\":\"https:\/\/sommerlich.art\/wp-content\/uploads\/2023\/05\/sommerlich.art-web946681346000_01-1-e1685557426519.jpg\",\"height\":274,\"width\":300,\"orientation\":\"landscape\"}},\"imageMeta\":{\"aperture\":\"8\",\"credit\":\"Andreas Sommer\",\"camera\":\"Canon EOS 400D DIGITAL\",\"caption\":\"\",\"created_timestamp\":\"946684946\",\"copyright\":\"Andreas Sommer, 2023\",\"focal_length\":\"55\",\"iso\":\"100\",\"shutter_speed\":\"1\",\"title\":\"\",\"orientation\":\"1\",\"keywords\":[]},\"meta\":false,\"postlink\":\"https:\/\/sommerlich.art\/hippogryph\/sommerlich-art-web946681346000_01-2\/\"},{\"id\":2139,\"title\":\"\\u0022Herbst in der Flut\\u0022\",\"url\":\"https:\/\/sommerlich.art\/wp-content\/uploads\/sommerlich.art-web1673781551751_01.jpg\",\"link\":\"https:\/\/sommerlich.art\/pgc_simply_gallery\/portfolio\/sommerlich-art-web1673781551751_01\/\",\"alt\":\"Gem\u00e4lde eines Baums mit orangefarbenen Bl\u00e4ttern in st\u00fcrmischer See. Painting of tree with orange leaves in stormy sea.\",\"description\":\"Gem\u00e4lde eines Baums mit orangefarbenen Bl\u00e4ttern in  st\u00fcrmischer See.\\n\\nPainting of tree with orange leaves in stormy sea.\",\"caption\":\"\\u0022Herbst in der Flut\\u0022 - \u00d6l auf Leinwand 11x11 cm\",\"mime\":\"image\/jpeg\",\"type\":\"image\",\"width\":1280,\"height\":908,\"sizes\":{\"thumbnail\":{\"height\":106,\"width\":150,\"url\":\"https:\/\/sommerlich.art\/wp-content\/uploads\/sommerlich.art-web1673781551751_01-1200x851.jpg\",\"orientation\":\"landscape\"},\"full\":{\"url\":\"https:\/\/sommerlich.art\/wp-content\/uploads\/sommerlich.art-web1673781551751_01.jpg\",\"height\":908,\"width\":1280,\"orientation\":\"landscape\"}},\"imageMeta\":{\"aperture\":\"0\",\"credit\":\"Andreas Sommer\",\"camera\":\"\",\"caption\":\"\",\"created_timestamp\":\"0\",\"copyright\":\"Andreas Sommer, 2023\",\"focal_length\":\"0\",\"iso\":\"0\",\"shutter_speed\":\"0\",\"title\":\"\",\"orientation\":\"0\",\"keywords\":[]},\"meta\":false,\"postlink\":\"https:\/\/sommerlich.art\/pgc_simply_gallery\/portfolio\/sommerlich-art-web1673781551751_01\/\"}],\"itemsMetaDataCollection\":[{\"link\":\"\",\"linkTarget\":\"_self\",\"linkText\":\"\",\"tags\":[\"Medium: \u00d6l\",\"Portrait\"],\"id\":4287},{\"link\":\"https:\/\/sommerlich.art\/pink-portrait-oel-auf-leinwand\/\",\"linkTarget\":\"_self\",\"linkText\":\"mehr\",\"tags\":[\"Portrait\",\"Medium: \u00d6l\"],\"id\":3974},{\"link\":\"https:\/\/sommerlich.art\/violette-blume\/\",\"linkTarget\":\"_self\",\"linkText\":\"mehr\",\"tags\":[\"Medium: \u00d6l\",\"Stillleben\"],\"id\":3728},{\"link\":\"\",\"linkTarget\":\"_self\",\"linkText\":\"\",\"tags\":[\"Portrait\",\"Medium: \u00d6l\"],\"id\":4621},{\"link\":\"\",\"linkTarget\":\"_self\",\"linkText\":\"\",\"tags\":[\"traditionelle Medien\",\"Tiere\",\"\u00d6lgem\u00e4lde\",\"Medium: \u00d6l\"],\"id\":2430},{\"link\":\"\",\"linkTarget\":\"_self\",\"linkText\":\"\",\"tags\":[\"traditionelle Medien\",\"Fantasy\",\"Gouache\",\"Landschaft\",\"Medium: Gouache\"],\"id\":2080},{\"link\":\"https:\/\/www.instagram.com\/reel\/C1XN1knhUB0\/?utm_source=ig_web_copy_link\\u0026igsh=MzRlODBiNWFlZA==\",\"linkTarget\":\"_self\",\"linkText\":\"instagram\",\"tags\":[\"Portrait\",\"Medium: \u00d6l\"],\"id\":3935},{\"link\":\"https:\/\/sommerlich.art\/hippogryph\/\",\"linkTarget\":\"_self\",\"linkText\":\"mehr\",\"tags\":[\"Tiere\",\"Fantasy\",\"Medium: \u00d6l\"],\"id\":2771},{\"link\":\"\",\"linkTarget\":\"_self\",\"linkText\":\"\",\"tags\":[\"Medium: \u00d6l\",\"Landschaft\"],\"id\":2139}],\"galleryTagsList\":[\"Fantasy\",\"Gouache\",\"Landschaft\",\"Medium: Gouache\",\"Medium: \u00d6l\",\"Portrait\",\"Stillleben\",\"Tiere\",\"traditionelle Medien\",\"\u00d6lgem\u00e4lde\"],\"galleryTagsListSrc\":{\"medium:_\u00f6l\":\"Medium: \u00d6l\",\"portrait\":\"Portrait\",\"stillleben\":\"Stillleben\",\"traditionelle_medien\":\"traditionelle Medien\",\"tiere\":\"Tiere\",\"\u00f6lgem\u00e4lde\":\"\u00d6lgem\u00e4lde\",\"fantasy\":\"Fantasy\",\"gouache\":\"Gouache\",\"landschaft\":\"Landschaft\",\"medium:_gouache\":\"Medium: Gouache\"},\"tagCloudBgColor\":\"rgba(4,105,158,1)\",\"sliderSlideshow\":false,\"sliderSocialShareEnabled\":false,\"TrpContentRestriction\":{\"restriction_type\":\"exclude\",\"selected_languages\":[],\"panel_open\":true}}<\/script><script>(function(){if(window.PGC_SGB && window.PGC_SGB.searcher){window.PGC_SGB.searcher.initBlocks()}})()<\/script><\/div><\/code><\/p>\n\n\n<nav class=\"items-justified-center floating-menu wp-custom-css-fcddfacd wp-block-navigation is-content-justification-center is-layout-flex wp-container-core-navigation-is-layout-fe48e5de wp-block-navigation-is-layout-flex has-custom-css\" aria-label=\"menu2\"><ul class=\"wp-block-navigation__container items-justified-center floating-menu wp-custom-css-fcddfacd wp-block-navigation\"><li class=\"wp-block-navigation-item about-button wp-block-navigation-link\"><a class=\"wp-block-navigation-item__content\"  href=\"\/\"><span class=\"wp-block-navigation-item__label\">Home<\/span><\/a><\/li><li class=\"wp-block-navigation-item about-button wp-block-navigation-link\"><a class=\"wp-block-navigation-item__content\"  href=\"https:\/\/sommerlich.art\/en\/blog\/\"><span class=\"wp-block-navigation-item__label\">blog<\/span><\/a><\/li><li class=\"wp-block-navigation-item about-button wp-block-navigation-link\"><a class=\"wp-block-navigation-item__content\"  href=\"https:\/\/sommerlich.art\/en\/about\/\"><span class=\"wp-block-navigation-item__label\">K\u00fcnstler<\/span><\/a><\/li><li class=\"wp-block-navigation-item about-button wp-block-navigation-link\"><a class=\"wp-block-navigation-item__content\"  href=\"\/#kontakt\"><span class=\"wp-block-navigation-item__label\">Kontakt<\/span><\/a><\/li><\/ul><\/nav>\n\n\n<div style=\"height:296px\" aria-hidden=\"true\" class=\"wp-block-spacer\"><\/div>\n","protected":false},"excerpt":{"rendered":"<p>Excerpt from the studies<\/p>","protected":false},"author":1,"featured_media":1921,"parent":0,"menu_order":0,"comment_status":"closed","ping_status":"closed","template":"","meta":{"pgc_sgb_lightbox_settings":"","footnotes":""},"class_list":["post-1352","page","type-page","status-publish","has-post-thumbnail","hentry"],"yoast_head":"<!-- This site is optimized with the Yoast SEO plugin v28.4 - https:\/\/yoast.com\/product\/yoast-seo-wordpress\/ -->\n<title>portfolio - sommerlich.art<\/title>\n<meta name=\"description\" content=\"Galerie von farbenfrohen Illustrationen und Gem\u00e4lden mit Gouache, \u00d6lfarbe und Digital. Lasst euch inspirieren!\" \/>\n<meta name=\"robots\" content=\"index, follow, max-snippet:-1, max-image-preview:large, max-video-preview:-1\" \/>\n<link rel=\"canonical\" href=\"https:\/\/sommerlich.art\/en\/portfolio\/\" \/>\n<meta property=\"og:locale\" content=\"en_US\" \/>\n<meta property=\"og:type\" content=\"article\" \/>\n<meta property=\"og:title\" content=\"portfolio - sommerlich.art\" \/>\n<meta property=\"og:description\" content=\"Galerie von farbenfrohen Illustrationen und Gem\u00e4lden mit Gouache, \u00d6lfarbe und Digital. Lasst euch inspirieren!\" \/>\n<meta property=\"og:url\" content=\"https:\/\/sommerlich.art\/en\/portfolio\/\" \/>\n<meta property=\"og:site_name\" content=\"sommerlich.art\" \/>\n<meta property=\"article:modified_time\" content=\"2026-08-16T13:47:18+00:00\" \/>\n<meta property=\"og:image\" content=\"https:\/\/sommerlich.art\/wp-content\/uploads\/MG_3212_v1_web.jpg\" \/>\n\t<meta property=\"og:image:width\" content=\"1600\" \/>\n\t<meta property=\"og:image:height\" content=\"1013\" \/>\n\t<meta property=\"og:image:type\" content=\"image\/jpeg\" \/>\n<meta name=\"twitter:card\" content=\"summary_large_image\" \/>\n<meta name=\"twitter:label1\" content=\"Est. reading time\" \/>\n\t<meta name=\"twitter:data1\" content=\"1 minute\" \/>\n<script type=\"application\/ld+json\" class=\"yoast-schema-graph\">{\"@context\":\"https:\\\/\\\/schema.org\",\"@graph\":[{\"@type\":\"WebPage\",\"@id\":\"https:\\\/\\\/sommerlich.art\\\/portfolio\\\/\",\"url\":\"https:\\\/\\\/sommerlich.art\\\/portfolio\\\/\",\"name\":\"portfolio - sommerlich.art\",\"isPartOf\":{\"@id\":\"https:\\\/\\\/sommerlich.art\\\/#website\"},\"primaryImageOfPage\":{\"@id\":\"https:\\\/\\\/sommerlich.art\\\/portfolio\\\/#primaryimage\"},\"image\":{\"@id\":\"https:\\\/\\\/sommerlich.art\\\/portfolio\\\/#primaryimage\"},\"thumbnailUrl\":\"https:\\\/\\\/sommerlich.art\\\/wp-content\\\/uploads\\\/MG_3212_v1_web.jpg\",\"datePublished\":\"2021-12-30T16:28:44+00:00\",\"dateModified\":\"2026-08-16T13:47:18+00:00\",\"description\":\"Galerie von farbenfrohen Illustrationen und Gem\u00e4lden mit Gouache, \u00d6lfarbe und Digital. Lasst euch inspirieren!\",\"breadcrumb\":{\"@id\":\"https:\\\/\\\/sommerlich.art\\\/portfolio\\\/#breadcrumb\"},\"inLanguage\":\"en-US\",\"potentialAction\":[{\"@type\":\"ReadAction\",\"target\":[\"https:\\\/\\\/sommerlich.art\\\/portfolio\\\/\"]}]},{\"@type\":\"ImageObject\",\"inLanguage\":\"en-US\",\"@id\":\"https:\\\/\\\/sommerlich.art\\\/portfolio\\\/#primaryimage\",\"url\":\"https:\\\/\\\/sommerlich.art\\\/wp-content\\\/uploads\\\/MG_3212_v1_web.jpg\",\"contentUrl\":\"https:\\\/\\\/sommerlich.art\\\/wp-content\\\/uploads\\\/MG_3212_v1_web.jpg\",\"width\":1600,\"height\":1013},{\"@type\":\"BreadcrumbList\",\"@id\":\"https:\\\/\\\/sommerlich.art\\\/portfolio\\\/#breadcrumb\",\"itemListElement\":[{\"@type\":\"ListItem\",\"position\":1,\"name\":\"Home\",\"item\":\"https:\\\/\\\/sommerlich.art\\\/\"},{\"@type\":\"ListItem\",\"position\":2,\"name\":\"portfolio\"}]},{\"@type\":\"WebSite\",\"@id\":\"https:\\\/\\\/sommerlich.art\\\/#website\",\"url\":\"https:\\\/\\\/sommerlich.art\\\/\",\"name\":\"sommerlich.art\",\"description\":\"Fantasy Art\",\"publisher\":{\"@id\":\"https:\\\/\\\/sommerlich.art\\\/#\\\/schema\\\/person\\\/8bc7b56905686a144f8e8e501dccf0a1\"},\"potentialAction\":[{\"@type\":\"SearchAction\",\"target\":{\"@type\":\"EntryPoint\",\"urlTemplate\":\"https:\\\/\\\/sommerlich.art\\\/?s={search_term_string}\"},\"query-input\":{\"@type\":\"PropertyValueSpecification\",\"valueRequired\":true,\"valueName\":\"search_term_string\"}}],\"inLanguage\":\"en-US\"},{\"@type\":[\"Person\",\"Organization\"],\"@id\":\"https:\\\/\\\/sommerlich.art\\\/#\\\/schema\\\/person\\\/8bc7b56905686a144f8e8e501dccf0a1\",\"name\":\"Andreas Sommer\",\"image\":{\"@type\":\"ImageObject\",\"inLanguage\":\"en-US\",\"@id\":\"https:\\\/\\\/sommerlich.art\\\/wp-content\\\/uploads\\\/brandkopf_230219_reddish.png\",\"url\":\"https:\\\/\\\/sommerlich.art\\\/wp-content\\\/uploads\\\/brandkopf_230219_reddish.png\",\"contentUrl\":\"https:\\\/\\\/sommerlich.art\\\/wp-content\\\/uploads\\\/brandkopf_230219_reddish.png\",\"width\":500,\"height\":503,\"caption\":\"Andreas Sommer\"},\"logo\":{\"@id\":\"https:\\\/\\\/sommerlich.art\\\/wp-content\\\/uploads\\\/brandkopf_230219_reddish.png\"},\"sameAs\":[\"https:\\\/\\\/sommerlich.art\",\"sommerlich.art\"]}]}<\/script>\n<!-- \/ Yoast SEO plugin. -->","yoast_head_json":{"title":"portfolio - sommerlich.art","description":"Galerie von farbenfrohen Illustrationen und Gem\u00e4lden mit Gouache, \u00d6lfarbe und Digital. Lasst euch inspirieren!","robots":{"index":"index","follow":"follow","max-snippet":"max-snippet:-1","max-image-preview":"max-image-preview:large","max-video-preview":"max-video-preview:-1"},"canonical":"https:\/\/sommerlich.art\/en\/portfolio\/","og_locale":"en_US","og_type":"article","og_title":"portfolio - sommerlich.art","og_description":"Galerie von farbenfrohen Illustrationen und Gem\u00e4lden mit Gouache, \u00d6lfarbe und Digital. Lasst euch inspirieren!","og_url":"https:\/\/sommerlich.art\/en\/portfolio\/","og_site_name":"sommerlich.art","article_modified_time":"2026-08-16T13:47:18+00:00","og_image":[{"width":1600,"height":1013,"url":"https:\/\/sommerlich.art\/wp-content\/uploads\/MG_3212_v1_web.jpg","type":"image\/jpeg"}],"twitter_card":"summary_large_image","twitter_misc":{"Est. reading time":"1 minute"},"schema":{"@context":"https:\/\/schema.org","@graph":[{"@type":"WebPage","@id":"https:\/\/sommerlich.art\/portfolio\/","url":"https:\/\/sommerlich.art\/portfolio\/","name":"portfolio - sommerlich.art","isPartOf":{"@id":"https:\/\/sommerlich.art\/#website"},"primaryImageOfPage":{"@id":"https:\/\/sommerlich.art\/portfolio\/#primaryimage"},"image":{"@id":"https:\/\/sommerlich.art\/portfolio\/#primaryimage"},"thumbnailUrl":"https:\/\/sommerlich.art\/wp-content\/uploads\/MG_3212_v1_web.jpg","datePublished":"2021-12-30T16:28:44+00:00","dateModified":"2026-08-16T13:47:18+00:00","description":"Galerie von farbenfrohen Illustrationen und Gem\u00e4lden mit Gouache, \u00d6lfarbe und Digital. Lasst euch inspirieren!","breadcrumb":{"@id":"https:\/\/sommerlich.art\/portfolio\/#breadcrumb"},"inLanguage":"en-US","potentialAction":[{"@type":"ReadAction","target":["https:\/\/sommerlich.art\/portfolio\/"]}]},{"@type":"ImageObject","inLanguage":"en-US","@id":"https:\/\/sommerlich.art\/portfolio\/#primaryimage","url":"https:\/\/sommerlich.art\/wp-content\/uploads\/MG_3212_v1_web.jpg","contentUrl":"https:\/\/sommerlich.art\/wp-content\/uploads\/MG_3212_v1_web.jpg","width":1600,"height":1013},{"@type":"BreadcrumbList","@id":"https:\/\/sommerlich.art\/portfolio\/#breadcrumb","itemListElement":[{"@type":"ListItem","position":1,"name":"Home","item":"https:\/\/sommerlich.art\/"},{"@type":"ListItem","position":2,"name":"portfolio"}]},{"@type":"WebSite","@id":"https:\/\/sommerlich.art\/#website","url":"https:\/\/sommerlich.art\/","name":"sommerlich.art","description":"Fantasy Art","publisher":{"@id":"https:\/\/sommerlich.art\/#\/schema\/person\/8bc7b56905686a144f8e8e501dccf0a1"},"potentialAction":[{"@type":"SearchAction","target":{"@type":"EntryPoint","urlTemplate":"https:\/\/sommerlich.art\/?s={search_term_string}"},"query-input":{"@type":"PropertyValueSpecification","valueRequired":true,"valueName":"search_term_string"}}],"inLanguage":"en-US"},{"@type":["Person","Organization"],"@id":"https:\/\/sommerlich.art\/#\/schema\/person\/8bc7b56905686a144f8e8e501dccf0a1","name":"Andreas Sommer","image":{"@type":"ImageObject","inLanguage":"en-US","@id":"https:\/\/sommerlich.art\/wp-content\/uploads\/brandkopf_230219_reddish.png","url":"https:\/\/sommerlich.art\/wp-content\/uploads\/brandkopf_230219_reddish.png","contentUrl":"https:\/\/sommerlich.art\/wp-content\/uploads\/brandkopf_230219_reddish.png","width":500,"height":503,"caption":"Andreas Sommer"},"logo":{"@id":"https:\/\/sommerlich.art\/wp-content\/uploads\/brandkopf_230219_reddish.png"},"sameAs":["https:\/\/sommerlich.art","sommerlich.art"]}]}},"blog_post_layout_featured_media_urls":{"thumbnail":["https:\/\/sommerlich.art\/wp-content\/uploads\/MG_3212_v1_web-1200x760.jpg",150,95,true],"full":["https:\/\/sommerlich.art\/wp-content\/uploads\/MG_3212_v1_web.jpg",1600,1013,false]},"categories_names":[],"comments_number":"0","_links":{"self":[{"href":"https:\/\/sommerlich.art\/en\/wp-json\/wp\/v2\/pages\/1352","targetHints":{"allow":["GET"]}}],"collection":[{"href":"https:\/\/sommerlich.art\/en\/wp-json\/wp\/v2\/pages"}],"about":[{"href":"https:\/\/sommerlich.art\/en\/wp-json\/wp\/v2\/types\/page"}],"author":[{"embeddable":true,"href":"https:\/\/sommerlich.art\/en\/wp-json\/wp\/v2\/users\/1"}],"replies":[{"embeddable":true,"href":"https:\/\/sommerlich.art\/en\/wp-json\/wp\/v2\/comments?post=1352"}],"version-history":[{"count":17,"href":"https:\/\/sommerlich.art\/en\/wp-json\/wp\/v2\/pages\/1352\/revisions"}],"predecessor-version":[{"id":5393,"href":"https:\/\/sommerlich.art\/en\/wp-json\/wp\/v2\/pages\/1352\/revisions\/5393"}],"wp:featuredmedia":[{"embeddable":true,"href":"https:\/\/sommerlich.art\/en\/wp-json\/wp\/v2\/media\/1921"}],"wp:attachment":[{"href":"https:\/\/sommerlich.art\/en\/wp-json\/wp\/v2\/media?parent=1352"}],"curies":[{"name":"wp","href":"https:\/\/api.w.org\/{rel}","templated":true}]}}